{"id":98,"date":"2025-03-09T12:29:58","date_gmt":"2025-03-09T11:29:58","guid":{"rendered":"https:\/\/pakiety.sebastianrurarz.com\/?page_id=98"},"modified":"2026-02-04T23:36:56","modified_gmt":"2026-02-04T22:36:56","slug":"01-pakiet-fotografia","status":"publish","type":"page","link":"https:\/\/pakiety.sebastianrurarz.com\/index.php\/01-pakiet-fotografia\/","title":{"rendered":"Fotografia"},"content":{"rendered":"\n<div class=\"wp-block-group alignfull has-base-background-color has-background has-global-padding is-layout-constrained wp-container-core-group-is-layout-d89aad35 wp-block-group-is-layout-constrained\" style=\"margin-top:0;margin-bottom:0;padding-top:var(--wp--preset--spacing--50);padding-right:var(--wp--preset--spacing--50);padding-bottom:var(--wp--preset--spacing--50);padding-left:var(--wp--preset--spacing--50)\">\n<div class=\"wp-block-columns alignwide is-layout-flex wp-container-core-columns-is-layout-549b0c86 wp-block-columns-is-layout-flex\">\n<div class=\"wp-block-column has-global-padding is-content-justification-left is-layout-constrained wp-container-core-column-is-layout-4f15e8fe wp-block-column-is-layout-constrained\" style=\"flex-basis:40%\">\n<p><strong>01. Fotografia<\/strong><\/p>\n<\/div>\n\n\n\n<div class=\"wp-block-column is-layout-flow wp-container-core-column-is-layout-119bc444 wp-block-column-is-layout-flow\" style=\"flex-basis:60%\">\n<p class=\"has-heading-font-family has-x-large-font-size\" style=\"line-height:1.2\">Je\u015bli szukasz profesjonalnych us\u0142ug <strong>fotograficznych<\/strong> dla Twojej firmy, jeste\u015b we w\u0142a\u015bciwym miejscu.<\/p>\n\n\n\n<div class=\"wp-block-columns is-layout-flex wp-container-core-columns-is-layout-87beb0d0 wp-block-columns-is-layout-flex\">\n<div class=\"wp-block-column is-layout-flow wp-block-column-is-layout-flow\">\n<p class=\"wp-container-content-9cfa9a5a\"><strong><strong>W&nbsp;erze, gdy&nbsp;na&nbsp;rynku dost\u0119pne jest niemal wszystko,<\/strong>&nbsp;<mark style=\"background-color:rgba(0, 0, 0, 0);color:#b1c5a4\" class=\"has-inline-color\">wyr\u00f3\u017cnij si\u0119<\/mark>.<\/strong><\/p>\n<\/div>\n\n\n\n<div class=\"wp-block-column is-layout-flow wp-block-column-is-layout-flow\">\n<p>Moje pakiety fotograficzne s\u0105 zaprojektowane, aby dostarczy\u0107 Ci najwy\u017cszej jako\u015bci materia\u0142y wizualne, kt\u00f3re zwi\u0119ksz\u0105 widoczno\u015b\u0107 i umocni\u0105 wizerunek Twojej marki.<\/p>\n<\/div>\n<\/div>\n<\/div>\n<\/div>\n<\/div>\n\n\n\n<div class=\"wp-block-cover alignfull is-light has-parallax\" style=\"padding-top:var(--wp--preset--spacing--50);padding-right:var(--wp--preset--spacing--50);padding-bottom:var(--wp--preset--spacing--50);padding-left:var(--wp--preset--spacing--50);min-height:100vh;aspect-ratio:unset;\"><span aria-hidden=\"true\" class=\"wp-block-cover__background has-base-background-color has-background-dim-0 has-background-dim\"><\/span><div class=\"wp-block-cover__image-background wp-image-231 has-parallax\" style=\"background-position:50% 50%;background-image:url(https:\/\/pakiety.sebastianrurarz.com\/wp-content\/uploads\/2025\/03\/REPETA_Foto_prezentacja_19.04.2024_Strona_03-2.jpg)\"><\/div><div class=\"wp-block-cover__inner-container has-global-padding is-layout-constrained wp-container-core-cover-is-layout-e4fd886c wp-block-cover-is-layout-constrained\">\n<div style=\"height:500px\" aria-hidden=\"true\" class=\"wp-block-spacer\"><\/div>\n<\/div><\/div>\n\n\n\n<div class=\"wp-block-cover alignfull is-light\" style=\"padding-top:var(--wp--preset--spacing--50);padding-right:var(--wp--preset--spacing--50);padding-bottom:var(--wp--preset--spacing--50);padding-left:var(--wp--preset--spacing--50);min-height:100vh;aspect-ratio:unset;\"><img loading=\"lazy\" decoding=\"async\" width=\"2560\" height=\"1440\" class=\"wp-block-cover__image-background wp-image-725 size-full\" alt=\"\" src=\"https:\/\/pakiety.sebastianrurarz.com\/wp-content\/uploads\/2025\/04\/FOTO.jpg\" data-object-fit=\"cover\" srcset=\"https:\/\/pakiety.sebastianrurarz.com\/wp-content\/uploads\/2025\/04\/FOTO.jpg 2560w, https:\/\/pakiety.sebastianrurarz.com\/wp-content\/uploads\/2025\/04\/FOTO-300x169.jpg 300w, https:\/\/pakiety.sebastianrurarz.com\/wp-content\/uploads\/2025\/04\/FOTO-1024x576.jpg 1024w, https:\/\/pakiety.sebastianrurarz.com\/wp-content\/uploads\/2025\/04\/FOTO-768x432.jpg 768w, https:\/\/pakiety.sebastianrurarz.com\/wp-content\/uploads\/2025\/04\/FOTO-1536x864.jpg 1536w, https:\/\/pakiety.sebastianrurarz.com\/wp-content\/uploads\/2025\/04\/FOTO-2048x1152.jpg 2048w\" sizes=\"auto, (max-width: 2560px) 100vw, 2560px\" \/><span aria-hidden=\"true\" class=\"wp-block-cover__background has-base-background-color has-background-dim-0 has-background-dim\"><\/span><div class=\"wp-block-cover__inner-container has-global-padding is-layout-constrained wp-container-core-cover-is-layout-e4fd886c wp-block-cover-is-layout-constrained\">\n<div style=\"height:500px\" aria-hidden=\"true\" class=\"wp-block-spacer\"><\/div>\n<\/div><\/div>\n\n\n\n<div class=\"wp-block-group alignfull has-base-2-color has-contrast-background-color has-text-color has-background has-link-color wp-elements-e8098fc615ccc8f2b8b5348c8a860002 has-global-padding is-layout-constrained wp-container-core-group-is-layout-facafb6f wp-block-group-is-layout-constrained\" style=\"margin-top:0;margin-bottom:0;padding-top:var(--wp--preset--spacing--50);padding-right:var(--wp--preset--spacing--50);padding-bottom:var(--wp--preset--spacing--50);padding-left:var(--wp--preset--spacing--50)\">\n<div class=\"wp-block-columns alignwide is-layout-flex wp-container-core-columns-is-layout-d1c656ed wp-block-columns-is-layout-flex\">\n<div class=\"wp-block-column is-vertically-aligned-stretch is-layout-flow wp-block-column-is-layout-flow\" style=\"padding-right:0;flex-basis:60%\">\n<div class=\"wp-block-group is-vertical is-content-justification-stretch is-layout-flex wp-container-core-group-is-layout-ae24f51d wp-block-group-is-layout-flex\" style=\"min-height:100%\">\n<figure class=\"wp-block-image size-full is-style-rounded is-style-rounded--1\"><img loading=\"lazy\" decoding=\"async\" width=\"1920\" height=\"2560\" src=\"https:\/\/pakiety.sebastianrurarz.com\/wp-content\/uploads\/2025\/04\/foto_moz-scaled.jpeg\" alt=\"\" class=\"wp-image-728\" style=\"aspect-ratio:9\/16;object-fit:cover\" srcset=\"https:\/\/pakiety.sebastianrurarz.com\/wp-content\/uploads\/2025\/04\/foto_moz-scaled.jpeg 1920w, https:\/\/pakiety.sebastianrurarz.com\/wp-content\/uploads\/2025\/04\/foto_moz-225x300.jpeg 225w, https:\/\/pakiety.sebastianrurarz.com\/wp-content\/uploads\/2025\/04\/foto_moz-768x1024.jpeg 768w, https:\/\/pakiety.sebastianrurarz.com\/wp-content\/uploads\/2025\/04\/foto_moz-1152x1536.jpeg 1152w, https:\/\/pakiety.sebastianrurarz.com\/wp-content\/uploads\/2025\/04\/foto_moz-1536x2048.jpeg 1536w\" sizes=\"auto, (max-width: 1920px) 100vw, 1920px\" \/><\/figure>\n\n\n\n<p class=\"has-medium-font-size\"><\/p>\n<\/div>\n<\/div>\n\n\n\n<div class=\"wp-block-column is-layout-flow wp-block-column-is-layout-flow\" style=\"flex-basis:40%\">\n<div class=\"wp-block-group has-global-padding is-layout-constrained wp-block-group-is-layout-constrained\">\n<p class=\"has-large-font-size\" style=\"font-style:normal;font-weight:500;line-height:1.2\">M\u00f3j zwi\u0105zek z fotografi\u0105 rozpocz\u0105\u0142 si\u0119 oko\u0142o 2001 roku podczas pracy dla renomowanej marki&nbsp;<a href=\"https:\/\/pl.wikipedia.org\/wiki\/Eastman_Kodak\">KODAK<\/a>, w okresie przej\u015bcia od fotografii analogowej do ery cyfrowej. Od tamtej pory, moja pasja do po\u0142\u0105czenia fotografii cyfrowej z analogow\u0105 nieustannie si\u0119 rozwija. Przez lata przeszed\u0142em liczne szkolenia i nawi\u0105za\u0142em wsp\u00f3\u0142prac\u0119 z r\u00f3\u017cnymi specjalistami oraz firmami z bran\u017cy fotograficznej, co pozwoli\u0142o mi zg\u0142\u0119bi\u0107 technik\u0119 i poszerzy\u0107 do\u015bwiadczenie w projektowaniu graficznym, uzupe\u0142niaj\u0105c moje projekty o fotografi\u0119 komercyjn\u0105 \/ reklamow\u0105.<br><br><\/p>\n\n\n\n<div style=\"height:var(--wp--preset--spacing--40)\" aria-hidden=\"true\" class=\"wp-block-spacer\"><\/div>\n\n\n\n<div class=\"wp-block-group is-layout-flow wp-block-group-is-layout-flow\">\n<p class=\"has-medium-font-size\"><\/p>\n\n\n\n<figure class=\"wp-block-image size-full is-style-rounded is-style-rounded--2\"><img loading=\"lazy\" decoding=\"async\" width=\"1920\" height=\"2560\" src=\"https:\/\/pakiety.sebastianrurarz.com\/wp-content\/uploads\/2025\/04\/IMG_1050-scaled.jpeg\" alt=\"\" class=\"wp-image-731\" style=\"aspect-ratio:9\/16;object-fit:cover\" srcset=\"https:\/\/pakiety.sebastianrurarz.com\/wp-content\/uploads\/2025\/04\/IMG_1050-scaled.jpeg 1920w, https:\/\/pakiety.sebastianrurarz.com\/wp-content\/uploads\/2025\/04\/IMG_1050-225x300.jpeg 225w, https:\/\/pakiety.sebastianrurarz.com\/wp-content\/uploads\/2025\/04\/IMG_1050-768x1024.jpeg 768w, https:\/\/pakiety.sebastianrurarz.com\/wp-content\/uploads\/2025\/04\/IMG_1050-1152x1536.jpeg 1152w, https:\/\/pakiety.sebastianrurarz.com\/wp-content\/uploads\/2025\/04\/IMG_1050-1536x2048.jpeg 1536w\" sizes=\"auto, (max-width: 1920px) 100vw, 1920px\" \/><\/figure>\n<\/div>\n<\/div>\n<\/div>\n<\/div>\n<\/div>\n\n\n\n<div class=\"wp-block-group alignfull has-base-2-background-color has-background has-global-padding is-layout-constrained wp-container-core-group-is-layout-d89aad35 wp-block-group-is-layout-constrained\" style=\"margin-top:0;margin-bottom:0;padding-top:var(--wp--preset--spacing--50);padding-right:var(--wp--preset--spacing--50);padding-bottom:var(--wp--preset--spacing--50);padding-left:var(--wp--preset--spacing--50)\">\n<div class=\"wp-block-columns alignwide is-layout-flex wp-container-core-columns-is-layout-1da03c2a wp-block-columns-is-layout-flex\">\n<div class=\"wp-block-column is-vertically-aligned-top is-layout-flow wp-block-column-is-layout-flow\" style=\"flex-basis:60%\">\n<figure class=\"wp-block-image size-full is-style-rounded wp-duotone-unset-4 is-style-rounded--3\"><img loading=\"lazy\" decoding=\"async\" width=\"1024\" height=\"1024\" src=\"https:\/\/pakiety.sebastianrurarz.com\/wp-content\/uploads\/2025\/03\/sesja_biznesowa-lg.webp\" alt=\"\" class=\"wp-image-124\" style=\"aspect-ratio:9\/16;object-fit:cover\" srcset=\"https:\/\/pakiety.sebastianrurarz.com\/wp-content\/uploads\/2025\/03\/sesja_biznesowa-lg.webp 1024w, https:\/\/pakiety.sebastianrurarz.com\/wp-content\/uploads\/2025\/03\/sesja_biznesowa-lg-300x300.webp 300w, https:\/\/pakiety.sebastianrurarz.com\/wp-content\/uploads\/2025\/03\/sesja_biznesowa-lg-150x150.webp 150w, https:\/\/pakiety.sebastianrurarz.com\/wp-content\/uploads\/2025\/03\/sesja_biznesowa-lg-768x768.webp 768w\" sizes=\"auto, (max-width: 1024px) 100vw, 1024px\" \/><\/figure>\n<\/div>\n\n\n\n<div class=\"wp-block-column is-layout-flow wp-block-column-is-layout-flow\" style=\"flex-basis:40%\">\n<h2 class=\"wp-block-heading\"><strong>Fotografia Biznesowa, kt\u00f3ra pomo\u017ce Ci<br>w wyr\u00f3\u017cnieniu si\u0119 na rynku i przyci\u0105gni\u0119ciu uwagi potencjalnych klient\u00f3w.<\/strong>&nbsp;<\/h2>\n\n\n\n<p><strong>Indywidualne podej\u015bcie:<\/strong><br>Rozumiem, \u017ce ka\u017cda firma ma swoje unikalne potrzeby i cele. Dlatego moja us\u0142uga fotografii biznesowej opiera si\u0119 na indywidualnym podej\u015bciu do klienta. Pracuj\u0119 blisko z Tob\u0105, aby zrozumie\u0107 Twoj\u0105 wizj\u0119 i cel fotografii biznesowej, dopasowuj\u0105c styl i kompozycj\u0119 zdj\u0119\u0107 do Twojej marki i bran\u017cy.<\/p>\n\n\n\n<p><strong>Profesjonalne portrety pracownik\u00f3w:<\/strong><br>Tworz\u0119 wysokiej jako\u015bci portrety pracownik\u00f3w, kt\u00f3re pomog\u0105 w budowaniu wizerunku Twojej firmy. Dba\u0142o\u015b\u0107 o detale, odpowiednie o\u015bwietlenie i kompozycja s\u0105 kluczowe, aby przedstawia\u0107 pracownik\u00f3w w profesjonalny i przyjazny spos\u00f3b.<\/p>\n\n\n\n<p><strong>Fotografie wn\u0119trz i architektury:<\/strong><br>Je\u015bli Twoja firma posiada biura, sklepy lub inne przestrzenie biznesowe, oferuj\u0119 r\u00f3wnie\u017c fotografie wn\u0119trz i architektury. Staram si\u0119 uchwyci\u0107 unikalne cechy Twojej przestrzeni, podkre\u015blaj\u0105c jej estetyk\u0119 i atmosfer\u0119.<\/p>\n\n\n\n<p><strong>Fotografia produktowa:<br><\/strong>Je\u015bli Twoja firma oferuje produkty, mog\u0119 r\u00f3wnie\u017c zaj\u0105\u0107 si\u0119 fotografowaniem produkt\u00f3w. Wykorzystuj\u0119 profesjonalny sprz\u0119t i techniki, aby stworzy\u0107 wysokiej jako\u015bci zdj\u0119cia, kt\u00f3re najlepiej prezentuj\u0105 Twoje produkty i przyci\u0105gaj\u0105 uwag\u0119 klient\u00f3w.<\/p>\n\n\n\n<p><strong>Wydarzenia firmowe:<br><\/strong>Je\u015bli organizujesz wydarzenia firmowe, takie jak konferencje, spotkania czy premiery, oferuj\u0119 r\u00f3wnie\u017c us\u0142ug\u0119 fotografowania tych wydarze\u0144. Przechwyc\u0119 wa\u017cne momenty, emocje i atmosfer\u0119, tworz\u0105c fotografie, kt\u00f3re b\u0119d\u0105 idealnym wspomnieniem i narz\u0119dziem do promocji Twojej firmy.<\/p>\n<\/div>\n<\/div>\n<\/div>\n\n\n\n<div class=\"wp-block-group alignfull has-background has-global-padding is-layout-constrained wp-container-core-group-is-layout-d89aad35 wp-block-group-is-layout-constrained\" style=\"background-color:#f6f6f6;margin-top:0;margin-bottom:0;padding-top:var(--wp--preset--spacing--50);padding-right:var(--wp--preset--spacing--50);padding-bottom:var(--wp--preset--spacing--50);padding-left:var(--wp--preset--spacing--50)\">\n<div class=\"wp-block-columns alignwide is-layout-flex wp-container-core-columns-is-layout-1da03c2a wp-block-columns-is-layout-flex\">\n<div class=\"wp-block-column is-vertically-aligned-top is-layout-flow wp-block-column-is-layout-flow\" style=\"flex-basis:60%\">\n<figure class=\"wp-block-image size-full is-style-rounded wp-duotone-unset-6 is-style-rounded--5\"><img loading=\"lazy\" decoding=\"async\" width=\"1024\" height=\"1024\" src=\"https:\/\/pakiety.sebastianrurarz.com\/wp-content\/uploads\/2025\/03\/1-1_shot-2-lg.webp\" alt=\"\" class=\"wp-image-250\" style=\"aspect-ratio:9\/16;object-fit:cover\" srcset=\"https:\/\/pakiety.sebastianrurarz.com\/wp-content\/uploads\/2025\/03\/1-1_shot-2-lg.webp 1024w, https:\/\/pakiety.sebastianrurarz.com\/wp-content\/uploads\/2025\/03\/1-1_shot-2-lg-300x300.webp 300w, https:\/\/pakiety.sebastianrurarz.com\/wp-content\/uploads\/2025\/03\/1-1_shot-2-lg-150x150.webp 150w, https:\/\/pakiety.sebastianrurarz.com\/wp-content\/uploads\/2025\/03\/1-1_shot-2-lg-768x768.webp 768w\" sizes=\"auto, (max-width: 1024px) 100vw, 1024px\" \/><\/figure>\n<\/div>\n\n\n\n<div class=\"wp-block-column is-layout-flow wp-block-column-is-layout-flow\" style=\"flex-basis:40%\">\n<h2 class=\"wp-block-heading\"><strong>Fotografia Produktowa, kt\u00f3ra pomo\u017ce Ci<br>w wyr\u00f3\u017cnieniu Twoich produkt\u00f3w<br>i przyci\u0105gni\u0119ciu uwagi potencjalnych klient\u00f3w.<\/strong><\/h2>\n\n\n\n<p><strong>Doskona\u0142a jako\u015b\u0107 zdj\u0119\u0107:<\/strong><br>Moje do\u015bwiadczenie w fotografii produktowej pozwala mi uzyska\u0107 wysok\u0105 jako\u015b\u0107 zdj\u0119\u0107, kt\u00f3re najlepiej prezentuj\u0105 Twoje produkty. Wykorzystuj\u0119 profesjonalny sprz\u0119t fotograficzny i techniki o\u015bwietleniowe, aby stworzy\u0107 zdj\u0119cia o imponuj\u0105cej ostro\u015bci, kolorycie i detali.<\/p>\n\n\n\n<p><strong>Indywidualne podej\u015bcie:<\/strong><br>Rozumiem, \u017ce ka\u017cdy produkt jest wyj\u0105tkowy i ma unikalne cechy, kt\u00f3re nale\u017cy uwzgl\u0119dni\u0107 na zdj\u0119ciach. Dlatego pracuj\u0119 blisko z klientem, aby zrozumie\u0107 ich wizj\u0119 i cel fotografii produktowej. Dopasowuj\u0119 styl i kompozycj\u0119 zdj\u0119\u0107 do specyfiki produktu, aby jak najlepiej odda\u0107 jego charakter i przekaza\u0107 jego warto\u015b\u0107.<\/p>\n\n\n\n<p><strong>Estetyka i kreatywno\u015b\u0107:<\/strong><br>Stawiam na estetyk\u0119 i kreatywno\u015b\u0107 w ka\u017cdym projekcie fotograficznym. Tworz\u0119 uj\u0119cia, kt\u00f3re s\u0105 nie tylko technicznie doskona\u0142e, ale r\u00f3wnie\u017c wyr\u00f3\u017cniaj\u0105 si\u0119 oryginalno\u015bci\u0105 i estetyk\u0105. Moim celem jest uwiecznienie produktu w spos\u00f3b, kt\u00f3ry przyci\u0105gnie uwag\u0119 i zach\u0119ci potencjalnych klient\u00f3w do zakupu.<\/p>\n\n\n\n<p><strong>Zdj\u0119cia wielok\u0105tne:<\/strong><br>Oferuj\u0119 r\u00f3wnie\u017c mo\u017cliwo\u015b\u0107 wykonania zdj\u0119\u0107 wielok\u0105tnych, kt\u00f3re pozwalaj\u0105 klientom zobaczy\u0107 produkt z r\u00f3\u017cnych perspektyw. Dzi\u0119ki temu mog\u0105 oni lepiej oceni\u0107 wygl\u0105d, kszta\u0142t i detale produktu, co zwi\u0119ksza ich zaufanie i pewno\u015b\u0107 w dokonaniu zakupu.<\/p>\n\n\n\n<p><strong>Optymalizacja dla e-commerce:<br><\/strong>Rozumiem, \u017ce fotografie produktowe cz\u0119sto s\u0105 wykorzystywane w sklepach internetowych i na platformach e-commerce. Dlatego dostarczam zdj\u0119cia w odpowiednich formatach i rozmiarach, kt\u00f3re s\u0105 optymalne do wykorzystania online. Dba\u0142o\u015b\u0107 o jako\u015b\u0107, estetyk\u0119 i optymalizacj\u0119 techniczn\u0105 to dla mnie priorytet.<\/p>\n<\/div>\n<\/div>\n<\/div>\n\n\n\n<div class=\"wp-block-group alignfull has-background has-global-padding is-layout-constrained wp-container-core-group-is-layout-d89aad35 wp-block-group-is-layout-constrained\" style=\"background-color:#f6f6f6;margin-top:0;margin-bottom:0;padding-top:var(--wp--preset--spacing--50);padding-right:var(--wp--preset--spacing--50);padding-bottom:var(--wp--preset--spacing--50);padding-left:var(--wp--preset--spacing--50)\">\n<div class=\"wp-block-columns alignwide is-layout-flex wp-container-core-columns-is-layout-1da03c2a wp-block-columns-is-layout-flex\">\n<div class=\"wp-block-column is-vertically-aligned-top is-layout-flow wp-block-column-is-layout-flow\" style=\"flex-basis:60%\">\n<figure class=\"wp-block-image size-full is-style-rounded wp-duotone-unset-8 is-style-rounded--7\"><img loading=\"lazy\" decoding=\"async\" width=\"1024\" height=\"1024\" src=\"https:\/\/pakiety.sebastianrurarz.com\/wp-content\/uploads\/2025\/03\/1-1_food-2-lg-1.webp\" alt=\"\" class=\"wp-image-253\" style=\"aspect-ratio:9\/16;object-fit:cover\" srcset=\"https:\/\/pakiety.sebastianrurarz.com\/wp-content\/uploads\/2025\/03\/1-1_food-2-lg-1.webp 1024w, https:\/\/pakiety.sebastianrurarz.com\/wp-content\/uploads\/2025\/03\/1-1_food-2-lg-1-300x300.webp 300w, https:\/\/pakiety.sebastianrurarz.com\/wp-content\/uploads\/2025\/03\/1-1_food-2-lg-1-150x150.webp 150w, https:\/\/pakiety.sebastianrurarz.com\/wp-content\/uploads\/2025\/03\/1-1_food-2-lg-1-768x768.webp 768w\" sizes=\"auto, (max-width: 1024px) 100vw, 1024px\" \/><\/figure>\n<\/div>\n\n\n\n<div class=\"wp-block-column is-layout-flow wp-block-column-is-layout-flow\" style=\"flex-basis:40%\">\n<h2 class=\"wp-block-heading\"><strong>Fotografia Kulinarna, kt\u00f3ra wyr\u00f3\u017cni Twoje potrawy i przyci\u0105gnie uwag\u0119 Twoich klient\u00f3w.<\/strong><\/h2>\n\n\n\n<p><strong>Apetyczne uj\u0119cia:<\/strong><br>Wykorzystuj\u0105c moje umiej\u0119tno\u015bci i do\u015bwiadczenie w fotografii kulinarnej, tworz\u0119 zdj\u0119cia, kt\u00f3re o\u017cywiaj\u0105 smak i zapach Twoich potraw. Staram si\u0119 uchwyci\u0107 ich wyj\u0105tkowe cechy i prezentowa\u0107 je w spos\u00f3b, kt\u00f3ry rozbudza apetyt i zach\u0119ca do skosztowania.<\/p>\n\n\n\n<p><strong>Estetyka i kompozycja:<\/strong><br>Zdaj\u0119 sobie spraw\u0119, \u017ce estetyka jest niezwykle wa\u017cna w fotografii kulinarnej. Staram si\u0119 stworzy\u0107 uj\u0119cia, kt\u00f3re nie tylko prezentuj\u0105 potrawy w najlepszym \u015bwietle, ale r\u00f3wnie\u017c s\u0105 artystyczne i estetyczne. Dobieram odpowiednie t\u0142o, rekwizyty i o\u015bwietlenie, aby stworzy\u0107 harmonijn\u0105 kompozycj\u0119.<\/p>\n\n\n\n<p><strong>Uwzgl\u0119dnienie brandingu:<\/strong><br>Je\u015bli prowadzisz restauracj\u0119, kawiarni\u0119 lub firm\u0119 cateringow\u0105, wa\u017cne jest, aby zdj\u0119cia kulinarne odzwierciedla\u0142y Tw\u00f3j unikalny&nbsp;branding. Pracuj\u0119 blisko z klientem, aby zrozumie\u0107 ich wizj\u0119 i styl, i dopasowuj\u0119 zdj\u0119cia do ich preferencji. Dba\u0142o\u015b\u0107 o sp\u00f3jno\u015b\u0107&nbsp;brandu&nbsp;jest dla mnie priorytetem.<\/p>\n\n\n\n<p><strong>Uj\u0119cia z r\u00f3\u017cnych perspektyw:<\/strong><br>Przygotowuj\u0119 zdj\u0119cia kulinarne z r\u00f3\u017cnych k\u0105t\u00f3w, aby pokaza\u0107 potrawy w pe\u0142nej okaza\u0142o\u015bci. Dzi\u0119ki temu klienci mog\u0105 zobaczy\u0107 wszystkie smakowite detale i sk\u0142adniki, kt\u00f3re zach\u0119caj\u0105 do spr\u00f3bowania dania.<br><br><strong>Retusz i postprodukcja:<\/strong><br>Moja us\u0142uga obejmuje r\u00f3wnie\u017c retusz i postprodukcj\u0119 zdj\u0119\u0107 kulinarnych. Dba\u0142o\u015b\u0107 o detale, korekcj\u0119 kolor\u00f3w i kontrastu, oraz balansowanie \u015bwiat\u0142a to elementy, kt\u00f3re pomagaj\u0105 stworzy\u0107 doskona\u0142\u0105 wizualn\u0105 prezentacj\u0119 potraw.<\/p>\n<\/div>\n<\/div>\n<\/div>\n\n\n\n<div class=\"wp-block-group alignfull has-background has-global-padding is-layout-constrained wp-container-core-group-is-layout-d89aad35 wp-block-group-is-layout-constrained\" style=\"background-color:#f6f6f6;margin-top:0;margin-bottom:0;padding-top:var(--wp--preset--spacing--50);padding-right:var(--wp--preset--spacing--50);padding-bottom:var(--wp--preset--spacing--50);padding-left:var(--wp--preset--spacing--50)\">\n<div class=\"wp-block-columns alignwide is-layout-flex wp-container-core-columns-is-layout-1da03c2a wp-block-columns-is-layout-flex\">\n<div class=\"wp-block-column is-vertically-aligned-top is-layout-flow wp-block-column-is-layout-flow\" style=\"flex-basis:60%\">\n<figure class=\"wp-block-image size-full is-style-rounded wp-duotone-unset-10 is-style-rounded--9\"><img loading=\"lazy\" decoding=\"async\" width=\"1024\" height=\"1024\" src=\"https:\/\/pakiety.sebastianrurarz.com\/wp-content\/uploads\/2025\/03\/1-1_reklamowe-lg.webp\" alt=\"\" class=\"wp-image-276\" style=\"aspect-ratio:9\/16;object-fit:cover\" srcset=\"https:\/\/pakiety.sebastianrurarz.com\/wp-content\/uploads\/2025\/03\/1-1_reklamowe-lg.webp 1024w, https:\/\/pakiety.sebastianrurarz.com\/wp-content\/uploads\/2025\/03\/1-1_reklamowe-lg-300x300.webp 300w, https:\/\/pakiety.sebastianrurarz.com\/wp-content\/uploads\/2025\/03\/1-1_reklamowe-lg-150x150.webp 150w, https:\/\/pakiety.sebastianrurarz.com\/wp-content\/uploads\/2025\/03\/1-1_reklamowe-lg-768x768.webp 768w\" sizes=\"auto, (max-width: 1024px) 100vw, 1024px\" \/><\/figure>\n<\/div>\n\n\n\n<div class=\"wp-block-column is-layout-flow wp-block-column-is-layout-flow\" style=\"flex-basis:40%\">\n<h2 class=\"wp-block-heading\"><strong>Fotografia Reklamowa, us\u0142uga, kt\u00f3ra ma<br>na celu stworzenie wysokiej jako\u015bci zdj\u0119\u0107, kt\u00f3re skutecznie promuj\u0105 produkty, us\u0142ugi lub mark\u0119 danej firmy.<\/strong><\/h2>\n\n\n\n<p><strong>Kreowanie wizerunku&nbsp;marki:<br><\/strong>Profesjonalne zdj\u0119cia reklamowe pomagaj\u0105&nbsp;firmom&nbsp;budowa\u0107 i wzmacnia\u0107 wizerunek&nbsp;marki. Dzi\u0119ki starannie skomponowanym i estetycznym fotografii, mo\u017cna przekaza\u0107 unikalne cechy i warto\u015bci&nbsp;marki, wzbudzaj\u0105c zaufanie i zainteresowanie klient\u00f3w.<\/p>\n\n\n\n<p><strong>Podniesienie atrakcyjno\u015bci produkt\u00f3w\/us\u0142ug:<br><\/strong>Fotografowie reklamowi potrafi\u0105 uchwyci\u0107 produkty\/us\u0142ugi w spos\u00f3b, kt\u00f3ry podkre\u015bla ich najwa\u017cniejsze cechy i korzy\u015bci. Dzi\u0119ki temu, klientom \u0142atwiej jest zrozumie\u0107, jakie warto\u015bci oferuje dana&nbsp;firma&nbsp;i jakie korzy\u015bci mog\u0105 odnie\u015b\u0107, co z kolei zwi\u0119ksza atrakcyjno\u015b\u0107 i zainteresowanie ofert\u0105.<br><strong><br>Profesjonalne o\u015bwietlenie i kompozycja:<br><\/strong>Fotografowie reklamowi posiadaj\u0105 wiedz\u0119 i do\u015bwiadczenie w zakresie o\u015bwietlenia<br>i technik kompozycji. Dzi\u0119ki temu, s\u0105 w stanie stworzy\u0107 zdj\u0119cia, kt\u00f3re s\u0105 estetycznie<br>i wizualnie atrakcyjne. Odpowiednie o\u015bwietlenie i kompozycja mog\u0105 znacz\u0105co podnie\u015b\u0107 jako\u015b\u0107 zdj\u0119\u0107, nadaj\u0105c im profesjonalny wygl\u0105d.<br><strong><br>Dopasowanie do cel\u00f3w reklamowych:<br><\/strong>Profesjonalni fotografowie reklamowi potrafi\u0105 dostosowa\u0107 styl, tematyk\u0119 i koncepcj\u0119 zdj\u0119\u0107 do konkretnych cel\u00f3w reklamowych. Mog\u0105 tworzy\u0107 zdj\u0119cia, kt\u00f3re s\u0105 idealnie dopasowane do kampanii marketingowej, strony internetowej, materia\u0142\u00f3w drukowanych lub innych narz\u0119dzi reklamowych.<br><strong><br>Zwi\u0119kszona skuteczno\u015b\u0107 marketingu:<\/strong><br>Dobrej jako\u015bci zdj\u0119cia reklamowe maj\u0105 du\u017cy wp\u0142yw na skuteczno\u015b\u0107 dzia\u0142a\u0144 marketingowych. Atrakcyjne i profesjonalne zdj\u0119cia przyci\u0105gaj\u0105 uwag\u0119 klient\u00f3w, zwi\u0119kszaj\u0105 zaanga\u017cowanie, generuj\u0105 wi\u0119ksz\u0105 liczb\u0119 klikni\u0119\u0107, udost\u0119pnie\u0144 i konwersji. Dzi\u0119ki temu,&nbsp;firma&nbsp;mo\u017ce osi\u0105gn\u0105\u0107 lepsze rezultaty w swoich dzia\u0142aniach marketingowych.<\/p>\n<\/div>\n<\/div>\n<\/div>\n\n\n\n<div class=\"wp-block-group alignfull has-background has-global-padding is-layout-constrained wp-container-core-group-is-layout-d89aad35 wp-block-group-is-layout-constrained\" style=\"background-color:#f6f6f6;margin-top:0;margin-bottom:0;padding-top:var(--wp--preset--spacing--50);padding-right:var(--wp--preset--spacing--50);padding-bottom:var(--wp--preset--spacing--50);padding-left:var(--wp--preset--spacing--50)\">\n<div class=\"wp-block-columns alignwide is-layout-flex wp-container-core-columns-is-layout-1da03c2a wp-block-columns-is-layout-flex\">\n<div class=\"wp-block-column is-vertically-aligned-top is-layout-flow wp-block-column-is-layout-flow\" style=\"flex-basis:60%\">\n<figure class=\"wp-block-image size-full is-style-rounded wp-duotone-unset-12 is-style-rounded--11\"><img loading=\"lazy\" decoding=\"async\" width=\"1706\" height=\"2560\" src=\"https:\/\/pakiety.sebastianrurarz.com\/wp-content\/uploads\/2025\/03\/DSC0223PP_EPSON.jpg\" alt=\"\" class=\"wp-image-296\" style=\"aspect-ratio:9\/16;object-fit:cover\" srcset=\"https:\/\/pakiety.sebastianrurarz.com\/wp-content\/uploads\/2025\/03\/DSC0223PP_EPSON.jpg 1706w, https:\/\/pakiety.sebastianrurarz.com\/wp-content\/uploads\/2025\/03\/DSC0223PP_EPSON-200x300.jpg 200w, https:\/\/pakiety.sebastianrurarz.com\/wp-content\/uploads\/2025\/03\/DSC0223PP_EPSON-682x1024.jpg 682w, https:\/\/pakiety.sebastianrurarz.com\/wp-content\/uploads\/2025\/03\/DSC0223PP_EPSON-768x1152.jpg 768w, https:\/\/pakiety.sebastianrurarz.com\/wp-content\/uploads\/2025\/03\/DSC0223PP_EPSON-1024x1536.jpg 1024w, https:\/\/pakiety.sebastianrurarz.com\/wp-content\/uploads\/2025\/03\/DSC0223PP_EPSON-1365x2048.jpg 1365w\" sizes=\"auto, (max-width: 1706px) 100vw, 1706px\" \/><\/figure>\n<\/div>\n\n\n\n<div class=\"wp-block-column is-layout-flow wp-block-column-is-layout-flow\" style=\"flex-basis:40%\">\n<h2 class=\"wp-block-heading\"><strong><strong>Fotografia na Eventach, kt\u00f3ra Wyr\u00f3\u017cni Twoje Wydarzenie i Przyci\u0105gnie Uwag\u0119 Twoich Go\u015bci<\/strong><\/strong>.<\/h2>\n\n\n\n<p><strong><strong>Uchwycenie Najlepszych Moment\u00f3w:<\/strong><br><\/strong>Wykorzystuj\u0105c moje umiej\u0119tno\u015bci i do\u015bwiadczenie w fotografii eventowej, tworz\u0119 zdj\u0119cia, kt\u00f3re o\u017cywiaj\u0105 atmosfer\u0119 Twoich wydarze\u0144. Staram si\u0119 uchwyci\u0107 ich wyj\u0105tkowe chwile i prezentowa\u0107 je w spos\u00f3b, kt\u00f3ry rozbudza emocje i zach\u0119ca do wspomnie\u0144.<\/p>\n\n\n\n<p><strong><strong>Estetyka i Kompozycja:<\/strong><br><\/strong>Zdaj\u0119 sobie spraw\u0119, \u017ce estetyka jest niezwykle wa\u017cna w fotografii eventowej. Staram si\u0119 stworzy\u0107 uj\u0119cia, kt\u00f3re nie tylko prezentuj\u0105 wydarzenie w najlepszym \u015bwietle, ale r\u00f3wnie\u017c s\u0105 dynamiczne i pe\u0142ne energii. Dobieram odpowiednie momenty, k\u0105ty i o\u015bwietlenie, aby stworzy\u0107 harmonijn\u0105 kompozycj\u0119.<br><strong><br><strong>Uwzgl\u0119dnienie Brandingu:<\/strong><br><\/strong>Je\u015bli organizujesz konferencj\u0119, imprez\u0119 firmow\u0105 lub wydarzenie specjalne, wa\u017cne jest, aby zdj\u0119cia eventowe odzwierciedla\u0142y Tw\u00f3j unikalny branding. Pracuj\u0119 blisko z klientem, aby zrozumie\u0107 ich wizj\u0119 i styl, i dopasowuj\u0119 zdj\u0119cia do ich preferencji. Dba\u0142o\u015b\u0107 o sp\u00f3jno\u015b\u0107 brandu jest dla mnie priorytetem.<br><strong><br><strong>Uj\u0119cia z R\u00f3\u017cnych Perspektyw:<\/strong><br><\/strong>Przygotowuj\u0119 zdj\u0119cia eventowe z r\u00f3\u017cnych k\u0105t\u00f3w, aby pokaza\u0107 wydarzenie w pe\u0142nej okaza\u0142o\u015bci. Dzi\u0119ki temu go\u015bcie mog\u0105 zobaczy\u0107 wszystkie wa\u017cne momenty i szczeg\u00f3\u0142y, kt\u00f3re sprawiaj\u0105, \u017ce wydarzenie jest niezapomniane.<br><strong><br><strong>Retusz i Postprodukcja:<\/strong><\/strong><br>Moja us\u0142uga obejmuje r\u00f3wnie\u017c retusz i postprodukcj\u0119 zdj\u0119\u0107 eventowych. Dba\u0142o\u015b\u0107 o detale, korekcj\u0119 kolor\u00f3w i kontrastu, oraz balansowanie \u015bwiat\u0142a to elementy, kt\u00f3re pomagaj\u0105 stworzy\u0107 doskona\u0142\u0105 wizualn\u0105 prezentacj\u0119 Twojego wydarzenia.<\/p>\n\n\n\n<p>Ten tekst jest utrzymany w podobnym stylu i obj\u0119to\u015bci do oryginalnego tekstu o fotografii kulinarnej, ale dotyczy fotografii na eventach.<\/p>\n<\/div>\n<\/div>\n<\/div>\n\n\n\n<div class=\"wp-block-group alignfull has-base-2-background-color has-background has-global-padding is-layout-constrained wp-container-core-group-is-layout-669513ed wp-block-group-is-layout-constrained\" style=\"margin-top:0;margin-bottom:0;padding-top:var(--wp--preset--spacing--50);padding-right:var(--wp--preset--spacing--50);padding-bottom:var(--wp--preset--spacing--50);padding-left:var(--wp--preset--spacing--50)\">\n<div class=\"wp-block-group is-vertical is-content-justification-center is-layout-flex wp-container-core-group-is-layout-52b864f0 wp-block-group-is-layout-flex\">\n<h2 class=\"wp-block-heading has-text-align-center is-style-asterisk\">Fotografia Packshot<\/h2>\n\n\n\n<div style=\"height:0px\" aria-hidden=\"true\" class=\"wp-block-spacer wp-container-content-4f2ccadb\"><\/div>\n\n\n\n<p class=\"has-text-align-center\">Fotografia packshot to jeden z najpopularniejszych typ\u00f3w fotografii produktowej, kt\u00f3ry polega na przedstawieniu produktu na jednolitym tle, zwykle bia\u0142ym, bez dodatkowych element\u00f3w. Celem jest stworzenie dok\u0142adnej wizualnej reprezentacji produktu, aby klient m\u00f3g\u0142 go dok\u0142adnie zobaczy\u0107 i oceni\u0107.<\/p>\n<\/div>\n\n\n\n<div style=\"margin-top:0;margin-bottom:0;height:var(--wp--preset--spacing--40)\" aria-hidden=\"true\" class=\"wp-block-spacer\"><\/div>\n\n\n\n<div class=\"wp-block-columns alignwide is-layout-flex wp-container-core-columns-is-layout-d0bbbce0 wp-block-columns-is-layout-flex\">\n<div class=\"wp-block-column is-layout-flow wp-container-core-column-is-layout-e3d1c41b wp-block-column-is-layout-flow\">\n<h3 class=\"wp-block-heading has-text-align-center is-style-asterisk has-body-font-family has-medium-font-size\" style=\"font-style:normal;font-weight:600\"><strong>Packshot na bia\u0142ym tle<\/strong>:&nbsp;<\/h3>\n\n\n\n<p class=\"has-text-align-left\">Najcz\u0119\u015bciej stosowany typ, idealny dla platform e-commerce, takich jak Amazon, Allegro.<\/p>\n<\/div>\n\n\n\n<div class=\"wp-block-column is-layout-flow wp-container-core-column-is-layout-e3d1c41b wp-block-column-is-layout-flow\">\n<h3 class=\"wp-block-heading has-text-align-center is-style-asterisk has-body-font-family has-medium-font-size\" style=\"font-style:normal;font-weight:600\"><strong>Packshot z cieniem lub odbiciem<\/strong>:&nbsp;<\/h3>\n\n\n\n<p class=\"has-text-align-left\">Dodaje g\u0142\u0119bi produktom, tworz\u0105c iluzj\u0119 tr\u00f3jwymiarowo\u015bci.<\/p>\n<\/div>\n\n\n\n<div class=\"wp-block-column is-layout-flow wp-container-core-column-is-layout-e3d1c41b wp-block-column-is-layout-flow\">\n<h3 class=\"wp-block-heading has-text-align-center is-style-asterisk has-body-font-family has-medium-font-size\" style=\"font-style:normal;font-weight:600\"><strong>Packshot bezcieniowy<\/strong>:<\/h3>\n\n\n\n<p class=\"has-text-align-left\">Idealny dla prezentacji produkt\u00f3w w czystej i prostej formie.<\/p>\n<\/div>\n<\/div>\n\n\n\n<div style=\"height:var(--wp--preset--spacing--20)\" aria-hidden=\"true\" class=\"wp-block-spacer\"><\/div>\n\n\n\n<div class=\"wp-block-columns alignwide is-layout-flex wp-container-core-columns-is-layout-d0bbbce0 wp-block-columns-is-layout-flex\">\n<div class=\"wp-block-column is-layout-flow wp-container-core-column-is-layout-e3d1c41b wp-block-column-is-layout-flow\">\n<h3 class=\"wp-block-heading has-text-align-center is-style-asterisk has-body-font-family has-medium-font-size\" style=\"font-style:normal;font-weight:600\"><strong>Organicshot<\/strong>:<\/h3>\n\n\n\n<p class=\"has-text-align-left\">Zdj\u0119cia na naturalnym tle, nadaj\u0105ce produktom organiczny wygl\u0105d.<\/p>\n<\/div>\n\n\n\n<div class=\"wp-block-column is-layout-flow wp-container-core-column-is-layout-e3d1c41b wp-block-column-is-layout-flow\">\n<h3 class=\"wp-block-heading has-text-align-center is-style-asterisk has-body-font-family has-medium-font-size\" style=\"font-style:normal;font-weight:600\"><strong>Packshot odzie\u017cy na duchu <\/strong><br><strong>(Ghost Mannequin)<\/strong>:\u00a0<\/h3>\n\n\n\n<p class=\"has-text-align-left\">Technika usuwaj\u0105ca sylwetk\u0119 manekina, sprawiaj\u0105ca, \u017ce ubranie wydaje si\u0119 unosz\u0105ce si\u0119 w powietrzu.<\/p>\n<\/div>\n\n\n\n<div class=\"wp-block-column is-layout-flow wp-container-core-column-is-layout-e3d1c41b wp-block-column-is-layout-flow\">\n<h3 class=\"wp-block-heading has-text-align-center is-style-asterisk has-body-font-family has-medium-font-size\" style=\"font-style:normal;font-weight:600\"><strong>Packshot grupowy<\/strong>:<\/h3>\n\n\n\n<p class=\"has-text-align-left\">Prezentacja kolekcji produkt\u00f3w razem, cz\u0119sto stosowana w katalogach i kampaniach promocyjnych.<\/p>\n<\/div>\n<\/div>\n<\/div>\n\n\n\n<div class=\"wp-block-group alignfull has-base-2-background-color has-background has-global-padding is-layout-constrained wp-container-core-group-is-layout-7cd14b77 wp-block-group-is-layout-constrained\" style=\"margin-top:0;margin-bottom:0;padding-top:var(--wp--preset--spacing--60);padding-right:var(--wp--preset--spacing--60);padding-bottom:var(--wp--preset--spacing--60);padding-left:var(--wp--preset--spacing--60)\">\n<div class=\"wp-block-group alignwide is-layout-flow wp-block-group-is-layout-flow\">\n<div style=\"height:var(--wp--preset--spacing--50)\" aria-hidden=\"true\" class=\"wp-block-spacer\"><\/div>\n\n\n\n<p class=\"has-text-align-center has-heading-font-family has-x-large-font-size\" style=\"font-style:normal;font-weight:400;line-height:1.2\">Masz pytania lub potrzebujesz pomocy? Skontaktuj si\u0119 ze mn\u0105, aby om\u00f3wi\u0107 Twoje projekty i otrzyma\u0107 <strong>bezp\u0142atn\u0105 wycen\u0119!<\/strong> <br><br><\/p>\n\n\n\n<h3 class=\"wp-block-heading has-text-align-center is-style-default has-accent-3-color has-text-color has-link-color has-large-font-size wp-elements-106994506b1ffb7c172bcfc4fb1cbb6b\">Poni\u017cej znajdziesz orientacyjny cennik.<\/h3>\n\n\n\n<div style=\"height:var(--wp--preset--spacing--50)\" aria-hidden=\"true\" class=\"wp-block-spacer\"><\/div>\n<\/div>\n<\/div>\n\n\n\n<div class=\"wp-block-cover alignfull is-light wp-duotone-unset-13\" style=\"margin-top:0;padding-top:5vw;padding-right:5vw;padding-bottom:5vw;padding-left:5vw\"><span aria-hidden=\"true\" class=\"wp-block-cover__background has-accent-4-background-color has-background-dim-100 has-background-dim\"><\/span><div class=\"wp-block-cover__inner-container is-layout-flow wp-block-cover-is-layout-flow\">\n<div class=\"wp-block-group is-layout-flex wp-container-core-group-is-layout-e4aad5c3 wp-block-group-is-layout-flex\">\n<div class=\"wp-block-group wp-container-content-9cfa9a5a is-layout-flow wp-container-core-group-is-layout-d6743c7d wp-block-group-is-layout-flow\">\n<p class=\"has-text-align-left has-black-color has-text-color\" style=\"font-size:clamp(67.975px, 4.248rem + ((1vw - 3.2px) * 8.336), 148px);font-style:normal;font-weight:700;letter-spacing:-4px;line-height:0.9;text-transform:none\"><strong>Tworz\u0105c <\/strong><\/p>\n\n\n\n<p class=\"has-text-align-left has-black-color has-text-color\" style=\"font-size:clamp(67.975px, 4.248rem + ((1vw - 3.2px) * 8.336), 148px);font-style:normal;font-weight:700;letter-spacing:-4px;line-height:0.9;text-transform:none\"><strong>Fotografie,<\/strong><\/p>\n\n\n\n<p class=\"has-text-align-left has-white-color has-text-color\" style=\"font-size:clamp(67.975px, 4.248rem + ((1vw - 3.2px) * 8.336), 148px);font-style:normal;font-weight:700;letter-spacing:-4px;line-height:0.9;text-transform:none\"><strong>kt\u00f3re <\/strong><\/p>\n\n\n\n<p class=\"has-text-align-left has-white-color has-text-color\" style=\"font-size:clamp(67.975px, 4.248rem + ((1vw - 3.2px) * 8.336), 148px);font-style:normal;font-weight:700;letter-spacing:-4px;line-height:0.9;text-transform:none\"><strong>przyci\u0105ga<\/strong>j\u0105.<\/p>\n<\/div>\n\n\n\n<div class=\"wp-block-group wp-container-content-5b91cf2b is-vertical is-nowrap is-layout-flex wp-container-core-group-is-layout-82cc2081 wp-block-group-is-layout-flex\">\n<p style=\"font-size:clamp(14px, 0.875rem + ((1vw - 3.2px) * 0.313), 17px);font-style:normal;font-weight:500;letter-spacing:0px;line-height:1.4;text-decoration:none;text-transform:none\"><strong>Estetyka i Kompozycja<\/strong><br><br>Estetyka jest niezwykle wa\u017cna w <strong>fotografi<\/strong>i. Staram si\u0119 stworzy\u0107 zdj\u0119cia, kt\u00f3re nie tylko prezentuj\u0105 Twoj\u0105 mark\u0119 w najlepszym \u015bwietle, ale r\u00f3wnie\u017c s\u0105 dynamiczne i pe\u0142ne wyrazu.<\/p>\n\n\n\n<div class=\"wp-block-buttons is-layout-flex wp-block-buttons-is-layout-flex\"><\/div>\n<\/div>\n<\/div>\n<\/div><\/div>\n\n\n\n<div class=\"wp-block-group alignfull has-text-color has-background is-layout-flow wp-block-group-is-layout-flow\" style=\"color:#000000;background-color:#ffffff\">\n<div style=\"height:64px\" aria-hidden=\"true\" class=\"wp-block-spacer\"><\/div>\n\n\n\n<h2 class=\"wp-block-heading has-text-align-center\" id=\"schedule-a-visit\" style=\"font-size:clamp(32.969px, 2.061rem + ((1vw - 3.2px) * 2.712), 59px);px;line-height:1.15\">Cennik<strong> Fotografia<\/strong><\/h2>\n\n\n\n<div class=\"wp-block-group has-global-padding is-layout-constrained wp-container-core-group-is-layout-19e250f3 wp-block-group-is-layout-constrained\">\n<figure class=\"wp-block-table alignwide is-style-stripes has-medium-font-size\" style=\"padding-top:0;padding-right:0;padding-bottom:0;padding-left:0\"><table style=\"border-style:none;border-width:0px\"><thead><tr><th class=\"has-text-align-left\" data-align=\"left\">Us\u0142uga<\/th><th class=\"has-text-align-left\" data-align=\"left\">Cena netto*<\/th><\/tr><\/thead><tbody><tr><td class=\"has-text-align-left\" data-align=\"left\"><strong>Fotografia Kulinarna <\/strong>(Sesja zdj\u0119ciowa potraw, aran\u017cacja, obr\u00f3bka kolorystyczna).<\/td><td class=\"has-text-align-left\" data-align=\"left\">od 200 z\u0142 <\/td><\/tr><tr><td class=\"has-text-align-left\" data-align=\"left\"><strong>Fotografia Produktowa:<\/strong> Packshot.<\/td><td class=\"has-text-align-left\" data-align=\"left\">od 65 z\u0142 <\/td><\/tr><tr><td class=\"has-text-align-left\" data-align=\"left\"><strong>Fotografia Reklamowa.<\/strong> (Sesje wizerunkowe firm, zdj\u0119cia promocyjne, przygotowanie do druku i internetu).<\/td><td class=\"has-text-align-left\" data-align=\"left\">do uzgodnienia<\/td><\/tr><tr><td class=\"has-text-align-left\" data-align=\"left\"><strong>Fotografia Biznesowa, Fotografia Korporacyjna, <br>Portret Biznesowy, Fotografia dla Firm<\/strong> (Sesja portretowa, zdj\u0119cia zespo\u0142u, wizerunkowe, mobilne studio u klienta, 3-5 zdj\u0119\u0107 po obr\u00f3bce).<\/td><td class=\"has-text-align-left\" data-align=\"left\">od 650 z\u0142 <\/td><\/tr><tr><td class=\"has-text-align-left\" data-align=\"left\"><strong>Reporta\u017c eventowy<\/strong>&nbsp; (do 4 godzin).<\/td><td class=\"has-text-align-left\" data-align=\"left\">od 950 z\u0142 <\/td><\/tr><tr><td class=\"has-text-align-left\" data-align=\"left\">Retuszer \/ Retoucher (Zaawansowana obr\u00f3bka i korekta zdj\u0119\u0107)<\/td><td class=\"has-text-align-left\" data-align=\"left\">od 35 z\u0142 <\/td><\/tr><\/tbody><tfoot><tr><td class=\"has-text-align-left\" data-align=\"left\">* Podane ceny s\u0105 orientacyjne. <br>Podane ceny nie stanowi\u0105 oferty handlowej w rozumieniu art. 66 \u00a71 Kodeksu Cywilnego. <br>Ostateczna cena zostanie ustalona po uzyskaniu wszystkich niezb\u0119dnych informacji.<\/td><td class=\"has-text-align-left\" data-align=\"left\"><\/td><\/tr><\/tfoot><\/table><\/figure>\n<\/div>\n\n\n\n<div style=\"height:64px\" aria-hidden=\"true\" class=\"wp-block-spacer\"><\/div>\n<\/div>\n\n\n\n<div class=\"wp-block-group alignfull has-global-padding is-layout-constrained wp-container-core-group-is-layout-b25ccd55 wp-block-group-is-layout-constrained\" style=\"margin-top:0;margin-bottom:0;padding-top:var(--wp--preset--spacing--50);padding-right:var(--wp--preset--spacing--50);padding-bottom:var(--wp--preset--spacing--50);padding-left:var(--wp--preset--spacing--50)\">\n<div class=\"wp-block-columns alignwide is-layout-flex wp-container-core-columns-is-layout-ff4b9c61 wp-block-columns-is-layout-flex\" style=\"margin-top:0;margin-bottom:0\">\n<div class=\"wp-block-column is-layout-flow wp-container-core-column-is-layout-8a368f38 wp-block-column-is-layout-flow\">\n<figure class=\"wp-block-image size-large is-style-rounded is-style-rounded--14\"><img loading=\"lazy\" decoding=\"async\" width=\"1024\" height=\"682\" src=\"https:\/\/pakiety.sebastianrurarz.com\/wp-content\/uploads\/2025\/04\/interiors_sebastianrurarz_com_000037-1024x682.jpg\" alt=\"\" class=\"wp-image-594\" style=\"aspect-ratio:4\/3;object-fit:cover\" srcset=\"https:\/\/pakiety.sebastianrurarz.com\/wp-content\/uploads\/2025\/04\/interiors_sebastianrurarz_com_000037-1024x682.jpg 1024w, https:\/\/pakiety.sebastianrurarz.com\/wp-content\/uploads\/2025\/04\/interiors_sebastianrurarz_com_000037-300x200.jpg 300w, https:\/\/pakiety.sebastianrurarz.com\/wp-content\/uploads\/2025\/04\/interiors_sebastianrurarz_com_000037-768x512.jpg 768w, https:\/\/pakiety.sebastianrurarz.com\/wp-content\/uploads\/2025\/04\/interiors_sebastianrurarz_com_000037-1536x1024.jpg 1536w, https:\/\/pakiety.sebastianrurarz.com\/wp-content\/uploads\/2025\/04\/interiors_sebastianrurarz_com_000037-2048x1365.jpg 2048w\" sizes=\"auto, (max-width: 1024px) 100vw, 1024px\" \/><\/figure>\n\n\n\n<div style=\"height:var(--wp--preset--spacing--50)\" aria-hidden=\"true\" class=\"wp-block-spacer\"><\/div>\n\n\n\n<figure class=\"wp-block-image size-large is-style-rounded is-style-rounded--15\"><img loading=\"lazy\" decoding=\"async\" width=\"1024\" height=\"682\" src=\"https:\/\/pakiety.sebastianrurarz.com\/wp-content\/uploads\/2025\/04\/sebastianrurarz_com_packshot_8-1024x682.jpg\" alt=\"\" class=\"wp-image-543\" style=\"aspect-ratio:3\/4;object-fit:cover\" srcset=\"https:\/\/pakiety.sebastianrurarz.com\/wp-content\/uploads\/2025\/04\/sebastianrurarz_com_packshot_8-1024x682.jpg 1024w, https:\/\/pakiety.sebastianrurarz.com\/wp-content\/uploads\/2025\/04\/sebastianrurarz_com_packshot_8-300x200.jpg 300w, https:\/\/pakiety.sebastianrurarz.com\/wp-content\/uploads\/2025\/04\/sebastianrurarz_com_packshot_8-768x512.jpg 768w, https:\/\/pakiety.sebastianrurarz.com\/wp-content\/uploads\/2025\/04\/sebastianrurarz_com_packshot_8-1536x1024.jpg 1536w, https:\/\/pakiety.sebastianrurarz.com\/wp-content\/uploads\/2025\/04\/sebastianrurarz_com_packshot_8-2048x1365.jpg 2048w\" sizes=\"auto, (max-width: 1024px) 100vw, 1024px\" \/><\/figure>\n\n\n\n<div style=\"height:var(--wp--preset--spacing--50)\" aria-hidden=\"true\" class=\"wp-block-spacer\"><\/div>\n\n\n\n<figure class=\"wp-block-image size-large is-style-rounded is-style-rounded--16\"><img loading=\"lazy\" decoding=\"async\" width=\"1024\" height=\"683\" src=\"https:\/\/pakiety.sebastianrurarz.com\/wp-content\/uploads\/2025\/04\/DSC8449Bel_Mon_Resort_Kurt_Scheller_1200-px-1024x683.jpg\" alt=\"\" class=\"wp-image-579\" style=\"aspect-ratio:3\/4;object-fit:cover\" srcset=\"https:\/\/pakiety.sebastianrurarz.com\/wp-content\/uploads\/2025\/04\/DSC8449Bel_Mon_Resort_Kurt_Scheller_1200-px-1024x683.jpg 1024w, https:\/\/pakiety.sebastianrurarz.com\/wp-content\/uploads\/2025\/04\/DSC8449Bel_Mon_Resort_Kurt_Scheller_1200-px-300x200.jpg 300w, https:\/\/pakiety.sebastianrurarz.com\/wp-content\/uploads\/2025\/04\/DSC8449Bel_Mon_Resort_Kurt_Scheller_1200-px-768x512.jpg 768w, https:\/\/pakiety.sebastianrurarz.com\/wp-content\/uploads\/2025\/04\/DSC8449Bel_Mon_Resort_Kurt_Scheller_1200-px.jpg 1200w\" sizes=\"auto, (max-width: 1024px) 100vw, 1024px\" \/><\/figure>\n<\/div>\n\n\n\n<div class=\"wp-block-column is-layout-flow wp-container-core-column-is-layout-8a368f38 wp-block-column-is-layout-flow\">\n<div style=\"height:var(--wp--preset--spacing--50)\" aria-hidden=\"true\" class=\"wp-block-spacer\"><\/div>\n\n\n\n<figure class=\"wp-block-image size-large is-style-rounded is-style-rounded--17\"><img loading=\"lazy\" decoding=\"async\" width=\"1024\" height=\"640\" src=\"https:\/\/pakiety.sebastianrurarz.com\/wp-content\/uploads\/2025\/03\/REPETA_Foto_prezentacja_19.04.2024_Strona_03-2-1024x640.jpg\" alt=\"\" class=\"wp-image-231\" style=\"aspect-ratio:3\/4;object-fit:cover\" srcset=\"https:\/\/pakiety.sebastianrurarz.com\/wp-content\/uploads\/2025\/03\/REPETA_Foto_prezentacja_19.04.2024_Strona_03-2-1024x640.jpg 1024w, https:\/\/pakiety.sebastianrurarz.com\/wp-content\/uploads\/2025\/03\/REPETA_Foto_prezentacja_19.04.2024_Strona_03-2-300x188.jpg 300w, https:\/\/pakiety.sebastianrurarz.com\/wp-content\/uploads\/2025\/03\/REPETA_Foto_prezentacja_19.04.2024_Strona_03-2-768x480.jpg 768w, https:\/\/pakiety.sebastianrurarz.com\/wp-content\/uploads\/2025\/03\/REPETA_Foto_prezentacja_19.04.2024_Strona_03-2-1536x960.jpg 1536w, https:\/\/pakiety.sebastianrurarz.com\/wp-content\/uploads\/2025\/03\/REPETA_Foto_prezentacja_19.04.2024_Strona_03-2-2048x1280.jpg 2048w\" sizes=\"auto, (max-width: 1024px) 100vw, 1024px\" \/><\/figure>\n\n\n\n<div style=\"height:var(--wp--preset--spacing--50)\" aria-hidden=\"true\" class=\"wp-block-spacer\"><\/div>\n\n\n\n<figure class=\"wp-block-image size-large is-style-rounded is-style-rounded--18\"><img loading=\"lazy\" decoding=\"async\" width=\"683\" height=\"1024\" src=\"https:\/\/pakiety.sebastianrurarz.com\/wp-content\/uploads\/2025\/04\/DSC9157Bel_Mon_Resort_Kurt_Scheller_1200-px-2-683x1024.jpg\" alt=\"\" class=\"wp-image-572\" style=\"aspect-ratio:1;object-fit:cover\" srcset=\"https:\/\/pakiety.sebastianrurarz.com\/wp-content\/uploads\/2025\/04\/DSC9157Bel_Mon_Resort_Kurt_Scheller_1200-px-2-683x1024.jpg 683w, https:\/\/pakiety.sebastianrurarz.com\/wp-content\/uploads\/2025\/04\/DSC9157Bel_Mon_Resort_Kurt_Scheller_1200-px-2-200x300.jpg 200w, https:\/\/pakiety.sebastianrurarz.com\/wp-content\/uploads\/2025\/04\/DSC9157Bel_Mon_Resort_Kurt_Scheller_1200-px-2-768x1152.jpg 768w, https:\/\/pakiety.sebastianrurarz.com\/wp-content\/uploads\/2025\/04\/DSC9157Bel_Mon_Resort_Kurt_Scheller_1200-px-2.jpg 800w\" sizes=\"auto, (max-width: 683px) 100vw, 683px\" \/><\/figure>\n\n\n\n<div style=\"height:var(--wp--preset--spacing--50)\" aria-hidden=\"true\" class=\"wp-block-spacer\"><\/div>\n\n\n\n<figure class=\"wp-block-image size-large is-style-rounded is-style-rounded--19\"><img loading=\"lazy\" decoding=\"async\" width=\"1024\" height=\"683\" src=\"https:\/\/pakiety.sebastianrurarz.com\/wp-content\/uploads\/2025\/04\/DSC3822_PP-1024x683.jpg\" alt=\"\" class=\"wp-image-555\" style=\"aspect-ratio:1;object-fit:cover\" srcset=\"https:\/\/pakiety.sebastianrurarz.com\/wp-content\/uploads\/2025\/04\/DSC3822_PP-1024x683.jpg 1024w, https:\/\/pakiety.sebastianrurarz.com\/wp-content\/uploads\/2025\/04\/DSC3822_PP-300x200.jpg 300w, https:\/\/pakiety.sebastianrurarz.com\/wp-content\/uploads\/2025\/04\/DSC3822_PP-768x512.jpg 768w, https:\/\/pakiety.sebastianrurarz.com\/wp-content\/uploads\/2025\/04\/DSC3822_PP-1536x1024.jpg 1536w, https:\/\/pakiety.sebastianrurarz.com\/wp-content\/uploads\/2025\/04\/DSC3822_PP-2048x1365.jpg 2048w\" sizes=\"auto, (max-width: 1024px) 100vw, 1024px\" \/><\/figure>\n<\/div>\n\n\n\n<div class=\"wp-block-column is-layout-flow wp-container-core-column-is-layout-8a368f38 wp-block-column-is-layout-flow\">\n<figure class=\"wp-block-image size-large is-style-rounded is-style-rounded--20\"><img loading=\"lazy\" decoding=\"async\" width=\"1024\" height=\"682\" src=\"https:\/\/pakiety.sebastianrurarz.com\/wp-content\/uploads\/2025\/04\/001-xxxl-1024x682.jpg\" alt=\"\" class=\"wp-image-535\" style=\"aspect-ratio:3\/4;object-fit:cover\" srcset=\"https:\/\/pakiety.sebastianrurarz.com\/wp-content\/uploads\/2025\/04\/001-xxxl-1024x682.jpg 1024w, https:\/\/pakiety.sebastianrurarz.com\/wp-content\/uploads\/2025\/04\/001-xxxl-300x200.jpg 300w, https:\/\/pakiety.sebastianrurarz.com\/wp-content\/uploads\/2025\/04\/001-xxxl-768x512.jpg 768w, https:\/\/pakiety.sebastianrurarz.com\/wp-content\/uploads\/2025\/04\/001-xxxl-1536x1024.jpg 1536w, https:\/\/pakiety.sebastianrurarz.com\/wp-content\/uploads\/2025\/04\/001-xxxl-2048x1365.jpg 2048w\" sizes=\"auto, (max-width: 1024px) 100vw, 1024px\" \/><figcaption class=\"wp-element-caption\">.<\/figcaption><\/figure>\n\n\n\n<div style=\"height:var(--wp--preset--spacing--50)\" aria-hidden=\"true\" class=\"wp-block-spacer\"><\/div>\n\n\n\n<figure class=\"wp-block-image size-large is-style-rounded is-style-rounded--21\"><img loading=\"lazy\" decoding=\"async\" width=\"683\" height=\"1024\" src=\"https:\/\/pakiety.sebastianrurarz.com\/wp-content\/uploads\/2025\/04\/somatisystem_sebastianrurarz_com_000003-683x1024.jpg\" alt=\"\" class=\"wp-image-562\" style=\"aspect-ratio:3\/4;object-fit:cover\" srcset=\"https:\/\/pakiety.sebastianrurarz.com\/wp-content\/uploads\/2025\/04\/somatisystem_sebastianrurarz_com_000003-683x1024.jpg 683w, https:\/\/pakiety.sebastianrurarz.com\/wp-content\/uploads\/2025\/04\/somatisystem_sebastianrurarz_com_000003-200x300.jpg 200w, https:\/\/pakiety.sebastianrurarz.com\/wp-content\/uploads\/2025\/04\/somatisystem_sebastianrurarz_com_000003-768x1152.jpg 768w, https:\/\/pakiety.sebastianrurarz.com\/wp-content\/uploads\/2025\/04\/somatisystem_sebastianrurarz_com_000003-1024x1536.jpg 1024w, https:\/\/pakiety.sebastianrurarz.com\/wp-content\/uploads\/2025\/04\/somatisystem_sebastianrurarz_com_000003.jpg 1200w\" sizes=\"auto, (max-width: 683px) 100vw, 683px\" \/><\/figure>\n\n\n\n<div style=\"height:var(--wp--preset--spacing--50)\" aria-hidden=\"true\" class=\"wp-block-spacer\"><\/div>\n\n\n\n<figure class=\"wp-block-image size-large is-style-rounded is-style-rounded--22\"><img loading=\"lazy\" decoding=\"async\" width=\"1024\" height=\"576\" src=\"https:\/\/pakiety.sebastianrurarz.com\/wp-content\/uploads\/2025\/04\/SEGET_10-1024x576.jpg\" alt=\"\" class=\"wp-image-528\" style=\"aspect-ratio:16\/9;object-fit:cover\" srcset=\"https:\/\/pakiety.sebastianrurarz.com\/wp-content\/uploads\/2025\/04\/SEGET_10-1024x576.jpg 1024w, https:\/\/pakiety.sebastianrurarz.com\/wp-content\/uploads\/2025\/04\/SEGET_10-300x169.jpg 300w, https:\/\/pakiety.sebastianrurarz.com\/wp-content\/uploads\/2025\/04\/SEGET_10-768x432.jpg 768w, https:\/\/pakiety.sebastianrurarz.com\/wp-content\/uploads\/2025\/04\/SEGET_10-1536x864.jpg 1536w, https:\/\/pakiety.sebastianrurarz.com\/wp-content\/uploads\/2025\/04\/SEGET_10-2048x1152.jpg 2048w\" sizes=\"auto, (max-width: 1024px) 100vw, 1024px\" \/><\/figure>\n<\/div>\n\n\n\n<div class=\"wp-block-column is-layout-flow wp-container-core-column-is-layout-8a368f38 wp-block-column-is-layout-flow\">\n<div style=\"height:var(--wp--preset--spacing--50)\" aria-hidden=\"true\" class=\"wp-block-spacer\"><\/div>\n\n\n\n<figure class=\"wp-block-image size-large is-style-rounded is-style-rounded--23\"><img loading=\"lazy\" decoding=\"async\" width=\"1024\" height=\"512\" src=\"https:\/\/pakiety.sebastianrurarz.com\/wp-content\/uploads\/2025\/03\/fotografia_kurt__sebastian_rurarz-1024x512.jpg\" alt=\"\" class=\"wp-image-217\" style=\"aspect-ratio:1;object-fit:cover\" srcset=\"https:\/\/pakiety.sebastianrurarz.com\/wp-content\/uploads\/2025\/03\/fotografia_kurt__sebastian_rurarz-1024x512.jpg 1024w, https:\/\/pakiety.sebastianrurarz.com\/wp-content\/uploads\/2025\/03\/fotografia_kurt__sebastian_rurarz-300x150.jpg 300w, https:\/\/pakiety.sebastianrurarz.com\/wp-content\/uploads\/2025\/03\/fotografia_kurt__sebastian_rurarz-768x384.jpg 768w, https:\/\/pakiety.sebastianrurarz.com\/wp-content\/uploads\/2025\/03\/fotografia_kurt__sebastian_rurarz-1536x768.jpg 1536w, https:\/\/pakiety.sebastianrurarz.com\/wp-content\/uploads\/2025\/03\/fotografia_kurt__sebastian_rurarz.jpg 2000w\" sizes=\"auto, (max-width: 1024px) 100vw, 1024px\" \/><\/figure>\n\n\n\n<div style=\"height:var(--wp--preset--spacing--50)\" aria-hidden=\"true\" class=\"wp-block-spacer\"><\/div>\n\n\n\n<figure class=\"wp-block-image size-large is-style-rounded is-style-rounded--24\"><img loading=\"lazy\" decoding=\"async\" width=\"683\" height=\"1024\" src=\"https:\/\/pakiety.sebastianrurarz.com\/wp-content\/uploads\/2025\/03\/32-xl-lg-lg-683x1024.webp\" alt=\"\" class=\"wp-image-229\" style=\"aspect-ratio:16\/9;object-fit:cover\" srcset=\"https:\/\/pakiety.sebastianrurarz.com\/wp-content\/uploads\/2025\/03\/32-xl-lg-lg-683x1024.webp 683w, https:\/\/pakiety.sebastianrurarz.com\/wp-content\/uploads\/2025\/03\/32-xl-lg-lg-200x300.webp 200w, https:\/\/pakiety.sebastianrurarz.com\/wp-content\/uploads\/2025\/03\/32-xl-lg-lg-768x1152.webp 768w, https:\/\/pakiety.sebastianrurarz.com\/wp-content\/uploads\/2025\/03\/32-xl-lg-lg.webp 1024w\" sizes=\"auto, (max-width: 683px) 100vw, 683px\" \/><\/figure>\n\n\n\n<div style=\"height:var(--wp--preset--spacing--50)\" aria-hidden=\"true\" class=\"wp-block-spacer\"><\/div>\n\n\n\n<figure class=\"wp-block-image size-large is-style-rounded is-style-rounded--25\"><img loading=\"lazy\" decoding=\"async\" width=\"682\" height=\"1024\" src=\"https:\/\/pakiety.sebastianrurarz.com\/wp-content\/uploads\/2025\/04\/DSC0441Gala_piekna_z_przeslaniem_2024-682x1024.jpg\" alt=\"\" class=\"wp-image-496\" style=\"aspect-ratio:9\/16;object-fit:cover\" srcset=\"https:\/\/pakiety.sebastianrurarz.com\/wp-content\/uploads\/2025\/04\/DSC0441Gala_piekna_z_przeslaniem_2024-682x1024.jpg 682w, https:\/\/pakiety.sebastianrurarz.com\/wp-content\/uploads\/2025\/04\/DSC0441Gala_piekna_z_przeslaniem_2024-200x300.jpg 200w, https:\/\/pakiety.sebastianrurarz.com\/wp-content\/uploads\/2025\/04\/DSC0441Gala_piekna_z_przeslaniem_2024-768x1152.jpg 768w, https:\/\/pakiety.sebastianrurarz.com\/wp-content\/uploads\/2025\/04\/DSC0441Gala_piekna_z_przeslaniem_2024-1024x1536.jpg 1024w, https:\/\/pakiety.sebastianrurarz.com\/wp-content\/uploads\/2025\/04\/DSC0441Gala_piekna_z_przeslaniem_2024-1365x2048.jpg 1365w, https:\/\/pakiety.sebastianrurarz.com\/wp-content\/uploads\/2025\/04\/DSC0441Gala_piekna_z_przeslaniem_2024.jpg 1706w\" sizes=\"auto, (max-width: 682px) 100vw, 682px\" \/><\/figure>\n<\/div>\n<\/div>\n<\/div>\n\n\n\n<figure class=\"wp-block-embed is-type-video is-provider-youtube wp-block-embed-youtube wp-embed-aspect-16-9 wp-has-aspect-ratio\"><div class=\"wp-block-embed__wrapper\">\n <iframe loading=\"lazy\" title=\"Film promocyjny sebastianrurarz.com\" width=\"500\" height=\"281\" src=\"https:\/\/www.youtube.com\/embed\/MSHGpp4JRSI?feature=oembed\" frameborder=\"0\" allow=\"accelerometer; autoplay; clipboard-write; encrypted-media; gyroscope; picture-in-picture; web-share\" referrerpolicy=\"strict-origin-when-cross-origin\" allowfullscreen><\/iframe>\n<\/div><\/figure>\n\n\n\n<div class=\"wp-block-group alignfull has-global-padding is-layout-constrained wp-container-core-group-is-layout-d89aad35 wp-block-group-is-layout-constrained\" style=\"margin-top:0;margin-bottom:0;padding-top:var(--wp--preset--spacing--50);padding-right:var(--wp--preset--spacing--50);padding-bottom:var(--wp--preset--spacing--50);padding-left:var(--wp--preset--spacing--50)\"><\/div>\n\n\n\n<div class=\"wp-block-columns alignwide is-layout-flex wp-container-core-columns-is-layout-28f84493 wp-block-columns-is-layout-flex\">\n<div class=\"wp-block-column is-layout-flow wp-block-column-is-layout-flow\">\n<div class=\"wp-block-group alignwide has-accent-4-background-color has-background has-global-padding is-layout-constrained wp-container-core-group-is-layout-39412042 wp-block-group-is-layout-constrained\" style=\"border-radius:16px;padding-top:var(--wp--preset--spacing--40);padding-right:var(--wp--preset--spacing--50);padding-bottom:var(--wp--preset--spacing--40);padding-left:var(--wp--preset--spacing--50)\">\n<div style=\"height:var(--wp--preset--spacing--10)\" aria-hidden=\"true\" class=\"wp-block-spacer\"><\/div>\n\n\n\n<h2 class=\"wp-block-heading has-text-align-center has-x-large-font-size\">Portfolio <strong>FOTOGRAFIA<\/strong><\/h2>\n\n\n\n<p class=\"has-text-align-center\">Zobacz moje wybrane portfolio <\/p>\n\n\n\n<div class=\"wp-block-buttons is-content-justification-center is-layout-flex wp-container-core-buttons-is-layout-a89b3969 wp-block-buttons-is-layout-flex\">\n<div class=\"wp-block-button is-style-outline is-style-outline--26\"><a class=\"wp-block-button__link wp-element-button\" href=\"https:\/\/sebastianrurarz.com\/work.html\" target=\"_blank\" rel=\" noreferrer noopener nofollow\">Zobacz wi\u0119cej<\/a><\/div>\n<\/div>\n\n\n\n<div style=\"height:var(--wp--preset--spacing--10)\" aria-hidden=\"true\" class=\"wp-block-spacer\"><\/div>\n<\/div>\n<\/div>\n\n\n\n<div class=\"wp-block-column is-layout-flow wp-block-column-is-layout-flow\">\n<div class=\"wp-block-group alignwide has-custom-accent-green-background-color has-background has-global-padding is-layout-constrained wp-container-core-group-is-layout-39412042 wp-block-group-is-layout-constrained\" style=\"border-radius:16px;padding-top:var(--wp--preset--spacing--40);padding-right:var(--wp--preset--spacing--50);padding-bottom:var(--wp--preset--spacing--40);padding-left:var(--wp--preset--spacing--50)\">\n<div style=\"height:var(--wp--preset--spacing--10)\" aria-hidden=\"true\" class=\"wp-block-spacer\"><\/div>\n\n\n\n<h2 class=\"wp-block-heading has-text-align-center is-style-default has-base-2-color has-text-color has-link-color has-x-large-font-size wp-elements-87ab6758b1a9b380db153a2948209bc0\"><strong>Brief <\/strong>do pobrania<\/h2>\n\n\n\n<p class=\"has-text-align-center has-base-2-color has-text-color has-link-color wp-elements-bc0f10b2ed45586f3f581635b0a6717b\">Sesja zdj\u0119ciowa<\/p>\n\n\n\n<div class=\"wp-block-file aligncenter\"><a id=\"wp-block-file--media-6ae2a085-287f-40fd-acfe-9d6d534fc895\" href=\"https:\/\/pakiety.sebastianrurarz.com\/wp-content\/uploads\/2025\/05\/Brief-\u2013-sesja-zdjeciowa.pdf\">Brief \u2013 sesja zdj\u0119ciowa<\/a><a href=\"https:\/\/pakiety.sebastianrurarz.com\/wp-content\/uploads\/2025\/05\/Brief-\u2013-sesja-zdjeciowa.pdf\" class=\"wp-block-file__button wp-element-button\" download aria-describedby=\"wp-block-file--media-6ae2a085-287f-40fd-acfe-9d6d534fc895\">Pobierz PDF<\/a><\/div>\n\n\n\n<div style=\"height:var(--wp--preset--spacing--10)\" aria-hidden=\"true\" class=\"wp-block-spacer\"><\/div>\n<\/div>\n<\/div>\n<\/div>\n\n\n\n<div class=\"wp-block-group has-global-padding is-layout-constrained wp-block-group-is-layout-constrained\" style=\"padding-top:var(--wp--preset--spacing--40);padding-bottom:var(--wp--preset--spacing--40)\">\n<h1 class=\"wp-block-heading\">Zapraszam do skorzystania<br>z moich us\u0142ug:<\/h1>\n\n\n\n<p><strong>FOTOGRAFIA KOMERCYJNA<\/strong><\/p>\n\n\n\n<ul class=\"wp-block-list\">\n<li><a href=\"https:\/\/pakiety.sebastianrurarz.com\/index.php\/01-pakiet-fotografia\/\" data-type=\"page\" data-id=\"98\">Fotografia Biznesowa, Fotografia Korporacyjna, Portret Biznesowy, Fotografia dla Firm,<\/a><\/li>\n\n\n\n<li><a href=\"https:\/\/pakiety.sebastianrurarz.com\/index.php\/01-pakiet-fotografia\/\" data-type=\"page\" data-id=\"98\">Fotografia Produktowa<\/a><\/li>\n\n\n\n<li><a href=\"https:\/\/pakiety.sebastianrurarz.com\/index.php\/01-pakiet-fotografia\/\" data-type=\"page\" data-id=\"98\">Fotografia Kulinarna<\/a><\/li>\n\n\n\n<li><a href=\"https:\/\/pakiety.sebastianrurarz.com\/index.php\/01-pakiet-fotografia\/\" data-type=\"page\" data-id=\"98\">Fotografia Reklamowa\u00a0<\/a><\/li>\n\n\n\n<li><a href=\"https:\/\/pakiety.sebastianrurarz.com\/index.php\/01-pakiet-fotografia\/\" data-type=\"page\" data-id=\"98\">Retuszer \/\u00a0 Retoucher<\/a><\/li>\n<\/ul>\n\n\n\n<p><strong>FILMOWANIE \/ PRODUKCJA FILM\u00d3W<\/strong><\/p>\n\n\n\n<ul class=\"wp-block-list\">\n<li><a href=\"https:\/\/pakiety.sebastianrurarz.com\/index.php\/video-content\/\" data-type=\"page\" data-id=\"322\">Social Media Video<\/a><\/li>\n\n\n\n<li><a href=\"https:\/\/pakiety.sebastianrurarz.com\/index.php\/video-content\/\" data-type=\"page\" data-id=\"322\">Filmy Promocyjne<\/a><\/li>\n\n\n\n<li><a href=\"https:\/\/pakiety.sebastianrurarz.com\/index.php\/video-content\/\" data-type=\"page\" data-id=\"322\">Content Video<\/a><\/li>\n<\/ul>\n\n\n\n<p><strong>PROJEKTOWANIE GRAFICZNE&nbsp;<\/strong><\/p>\n\n\n\n<ul class=\"wp-block-list\">\n<li><a href=\"https:\/\/pakiety.sebastianrurarz.com\/index.php\/projekty\/\" data-type=\"page\" data-id=\"399\">Branding<\/a><\/li>\n\n\n\n<li><a href=\"https:\/\/pakiety.sebastianrurarz.com\/index.php\/projekty\/\" data-type=\"page\" data-id=\"399\">Rebranding<\/a><\/li>\n\n\n\n<li><a href=\"https:\/\/pakiety.sebastianrurarz.com\/index.php\/opakowania\/\" data-type=\"page\" data-id=\"634\">Opakowania<\/a><\/li>\n\n\n\n<li><a href=\"https:\/\/pakiety.sebastianrurarz.com\/index.php\/projekty\/\" data-type=\"page\" data-id=\"399\">Kompleksowe publikacje, prospekty, foldery<\/a><\/li>\n\n\n\n<li><a href=\"https:\/\/pakiety.sebastianrurarz.com\/index.php\/projekty\/\" data-type=\"page\" data-id=\"399\">Print\u00a0<\/a><\/li>\n\n\n\n<li><a href=\"https:\/\/pakiety.sebastianrurarz.com\/index.php\/projekty\/\" data-type=\"page\" data-id=\"399\">UI<\/a><\/li>\n\n\n\n<li><a href=\"https:\/\/pakiety.sebastianrurarz.com\/index.php\/digital-signage\/\" data-type=\"page\" data-id=\"821\">Digital Signage<\/a><\/li>\n<\/ul>\n<\/div>\n\n\n\n<div class=\"wp-block-group alignfull has-text-color has-background is-layout-flow wp-block-group-is-layout-flow\" style=\"color:#000000;background-color:#ffffff\">\n<div style=\"height:64px\" aria-hidden=\"true\" class=\"wp-block-spacer\"><\/div>\n\n\n\n<p class=\"has-text-align-center has-small-font-size\" style=\"line-height:.9\"><strong>Skontaktuj si\u0119<\/strong><\/p>\n\n\n\n<h2 class=\"wp-block-heading has-text-align-center\" id=\"schedule-a-visit\" style=\"font-size:clamp(32.969px, 2.061rem + ((1vw - 3.2px) * 2.712), 59px);px;line-height:1.15\"><strong>Masz pytania?<\/strong> Dzwo\u0144 lub pisz!<\/h2>\n\n\n\n<h2 class=\"wp-block-heading has-text-align-center\"><strong>+48 606 188 118<\/strong><\/h2>\n\n\n\n<h4 class=\"wp-block-heading has-text-align-center\"><br><a href=\"mailto:pakiety@sebastianrurarz.com\">pakiety@sebastianrurarz.com<\/a><\/h4>\n\n\n\n<div style=\"height:64px\" aria-hidden=\"true\" class=\"wp-block-spacer\"><\/div>\n<\/div>\n\n\n\n<div class=\"wp-block-group alignwide is-content-justification-center is-layout-flex wp-container-core-group-is-layout-c124d1c4 wp-block-group-is-layout-flex\">\n<p class=\"has-text-align-center has-small-font-size\"><\/p>\n<\/div>\n","protected":false},"excerpt":{"rendered":"<p>01. Fotografia Je\u015bli szukasz profesjonalnych us\u0142ug fotograficznych dla Twojej firmy, jeste\u015b we w\u0142a\u015bciwym miejscu. W&nbsp;erze, gdy&nbsp;na&nbsp;rynku dost\u0119pne jest niemal wszystko,&nbsp;wyr\u00f3\u017cnij si\u0119. Moje pakiety fotograficzne s\u0105 zaprojektowane, aby dostarczy\u0107 Ci najwy\u017cszej jako\u015bci materia\u0142y wizualne, kt\u00f3re zwi\u0119ksz\u0105 widoczno\u015b\u0107 i umocni\u0105 wizerunek Twojej marki. M\u00f3j zwi\u0105zek z fotografi\u0105 rozpocz\u0105\u0142 si\u0119 oko\u0142o 2001 roku podczas pracy dla renomowanej marki&nbsp;KODAK, [&hellip;]<\/p>\n","protected":false},"author":1,"featured_media":0,"parent":0,"menu_order":1,"comment_status":"closed","ping_status":"closed","template":"","meta":{"footnotes":""},"class_list":["post-98","page","type-page","status-publish","hentry"],"_links":{"self":[{"href":"https:\/\/pakiety.sebastianrurarz.com\/index.php\/wp-json\/wp\/v2\/pages\/98","targetHints":{"allow":["GET"]}}],"collection":[{"href":"https:\/\/pakiety.sebastianrurarz.com\/index.php\/wp-json\/wp\/v2\/pages"}],"about":[{"href":"https:\/\/pakiety.sebastianrurarz.com\/index.php\/wp-json\/wp\/v2\/types\/page"}],"author":[{"embeddable":true,"href":"https:\/\/pakiety.sebastianrurarz.com\/index.php\/wp-json\/wp\/v2\/users\/1"}],"replies":[{"embeddable":true,"href":"https:\/\/pakiety.sebastianrurarz.com\/index.php\/wp-json\/wp\/v2\/comments?post=98"}],"version-history":[{"count":190,"href":"https:\/\/pakiety.sebastianrurarz.com\/index.php\/wp-json\/wp\/v2\/pages\/98\/revisions"}],"predecessor-version":[{"id":1308,"href":"https:\/\/pakiety.sebastianrurarz.com\/index.php\/wp-json\/wp\/v2\/pages\/98\/revisions\/1308"}],"wp:attachment":[{"href":"https:\/\/pakiety.sebastianrurarz.com\/index.php\/wp-json\/wp\/v2\/media?parent=98"}],"curies":[{"name":"wp","href":"https:\/\/api.w.org\/{rel}","templated":true}]}}