{"id":926,"date":"2025-05-02T22:27:56","date_gmt":"2025-05-02T20:27:56","guid":{"rendered":"https:\/\/pakiety.sebastianrurarz.com\/?page_id=926"},"modified":"2026-02-04T22:38:34","modified_gmt":"2026-02-04T21:38:34","slug":"opiekun-marki","status":"publish","type":"page","link":"https:\/\/pakiety.sebastianrurarz.com\/index.php\/opiekun-marki\/","title":{"rendered":"Opiekun Marki"},"content":{"rendered":"\n<div class=\"wp-block-group alignfull has-global-padding is-content-justification-center is-layout-constrained wp-block-group-is-layout-constrained\" style=\"margin-top:0;margin-bottom:0\">\n<div style=\"height:var(--wp--preset--spacing--20)\" aria-hidden=\"true\" class=\"wp-block-spacer\"><\/div>\n\n\n\n<div style=\"height:var(--wp--preset--spacing--20)\" aria-hidden=\"true\" class=\"wp-block-spacer\"><\/div>\n<\/div>\n\n\n\n<div class=\"wp-block-group alignfull has-base-2-color has-text-color has-background has-link-color wp-elements-93a0a1f72db881be13f22990e0b46c4a has-global-padding is-layout-constrained wp-container-core-group-is-layout-d89aad35 wp-block-group-is-layout-constrained\" style=\"background-color:#317b00;margin-top:0;margin-bottom:0;padding-top:var(--wp--preset--spacing--50);padding-right:var(--wp--preset--spacing--50);padding-bottom:var(--wp--preset--spacing--50);padding-left:var(--wp--preset--spacing--50)\">\n<div class=\"wp-block-columns alignwide is-layout-flex wp-container-core-columns-is-layout-549b0c86 wp-block-columns-is-layout-flex\">\n<div class=\"wp-block-column has-global-padding is-content-justification-left is-layout-constrained wp-container-core-column-is-layout-4f15e8fe wp-block-column-is-layout-constrained\" style=\"flex-basis:40%\">\n<p><strong><em>W erze, gdy na rynku dost\u0119pne jest niemal wszystko.<\/em><\/strong><\/p>\n<\/div>\n\n\n\n<div class=\"wp-block-column is-layout-flow wp-container-core-column-is-layout-119bc444 wp-block-column-is-layout-flow\" style=\"flex-basis:60%\">\n<p class=\"has-heading-font-family has-x-large-font-size\" style=\"line-height:1.2\">&#8222;<strong>Opiekun wizerunku<\/strong> (Brand Image Manager)&#8221; to us\u0142uga \u0142\u0105cz\u0105ca profesjonalizm i kreatywno\u015b\u0107 w budowaniu silnego, rozpoznawalnego wizerunku czy produktu.<\/p>\n\n\n\n<div class=\"wp-block-columns is-layout-flex wp-container-core-columns-is-layout-87beb0d0 wp-block-columns-is-layout-flex\">\n<div class=\"wp-block-column is-layout-flow wp-block-column-is-layout-flow\">\n<p class=\"wp-container-content-9cfa9a5a\">Optymalnym rozwi\u0105zaniem b\u0119dzie wsp\u00f3\u0142praca z osob\u0105 (zewn\u0119trznym specjalist\u0105 ds. contentu), kt\u00f3ra raz lub dwa razy w miesi\u0105cu pojawi si\u0119 w firmie, by zebra\u0107 materia\u0142y do social medi\u00f3w oraz na potrzeby reklamowe, takie jak wdro\u017cenia nowych produkt\u00f3w czy relacje z wydarze\u0144. Taki model pracy jest coraz popularniejszy, zw\u0142aszcza w\u015br\u00f3d firm, kt\u00f3re potrzebuj\u0105 regularnych, ale nie codziennych aktualizacji contentu.<\/p>\n<\/div>\n\n\n\n<div class=\"wp-block-column is-layout-flow wp-block-column-is-layout-flow\">\n<p><strong>Prawdziwy sukces buduje si\u0119 poprzez g\u0142\u0119bokie zrozumienie warto\u015bci, cel\u00f3w i unikalnej historii ka\u017cdej marki. Dlatego do wsp\u00f3\u0142pracy podchodz\u0119 indywidualnie i z pe\u0142nym zaanga\u017cowaniem, dbaj\u0105c o to, aby ka\u017cdy element komunikacji i ka\u017cdy projekt odzwierciedla\u0142 autentyczn\u0105 to\u017csamo\u015b\u0107 Twojej firmy.&nbsp;<\/strong><br><\/p>\n<\/div>\n<\/div>\n<\/div>\n<\/div>\n<\/div>\n\n\n\n<div class=\"wp-block-group alignfull has-global-padding is-layout-constrained wp-container-core-group-is-layout-ad990dd2 wp-block-group-is-layout-constrained\" style=\"padding-top:var(--wp--preset--spacing--40);padding-right:var(--wp--preset--spacing--40);padding-bottom:var(--wp--preset--spacing--40);padding-left:var(--wp--preset--spacing--40)\">\n<figure class=\"wp-block-image alignwide size-full is-style-rounded is-style-rounded--1\"><img loading=\"lazy\" decoding=\"async\" width=\"1500\" height=\"703\" src=\"https:\/\/pakiety.sebastianrurarz.com\/wp-content\/uploads\/2025\/05\/opiekun.jpg\" alt=\"\" class=\"wp-image-955\" srcset=\"https:\/\/pakiety.sebastianrurarz.com\/wp-content\/uploads\/2025\/05\/opiekun.jpg 1500w, https:\/\/pakiety.sebastianrurarz.com\/wp-content\/uploads\/2025\/05\/opiekun-300x141.jpg 300w, https:\/\/pakiety.sebastianrurarz.com\/wp-content\/uploads\/2025\/05\/opiekun-1024x480.jpg 1024w, https:\/\/pakiety.sebastianrurarz.com\/wp-content\/uploads\/2025\/05\/opiekun-768x360.jpg 768w\" sizes=\"auto, (max-width: 1500px) 100vw, 1500px\" \/><\/figure>\n\n\n\n<div style=\"height:var(--wp--preset--spacing--30)\" aria-hidden=\"true\" class=\"wp-block-spacer\"><\/div>\n\n\n\n<div class=\"wp-block-group has-global-padding is-layout-constrained wp-container-core-group-is-layout-650790e1 wp-block-group-is-layout-constrained\">\n<h1 class=\"wp-block-heading has-text-align-center has-x-large-font-size\"><strong>Opiekun wizerunku<\/strong><br> to dedykowana us\u0142uga,<\/h1>\n\n\n\n<div style=\"height:1.25rem\" aria-hidden=\"true\" class=\"wp-block-spacer\"><\/div>\n\n\n\n<p class=\"has-text-align-center\">kt\u00f3ra \u0142\u0105czy kreatywno\u015b\u0107 z profesjonalizmem, dostarczaj\u0105c regularne, autentyczne materia\u0142y niezb\u0119dne do budowania silnej i rozpoznawalnej marki.<\/p>\n\n\n\n<div style=\"height:1.25rem\" aria-hidden=\"true\" class=\"wp-block-spacer\"><\/div>\n<\/div>\n<\/div>\n\n\n\n<div class=\"wp-block-group alignfull has-base-2-background-color has-background has-global-padding is-layout-constrained wp-container-core-group-is-layout-2a1526ca wp-block-group-is-layout-constrained\" style=\"margin-top:0;margin-bottom:0;padding-top:var(--wp--preset--spacing--10);padding-right:var(--wp--preset--spacing--10);padding-bottom:var(--wp--preset--spacing--10);padding-left:var(--wp--preset--spacing--10)\">\n<div class=\"wp-block-columns alignwide is-layout-flex wp-container-core-columns-is-layout-d0bbbce0 wp-block-columns-is-layout-flex\">\n<div class=\"wp-block-column is-layout-flow wp-container-core-column-is-layout-e3d1c41b wp-block-column-is-layout-flow\">\n<h3 class=\"wp-block-heading has-text-align-center is-style-asterisk has-body-font-family has-medium-font-size\" style=\"font-style:normal;font-weight:600\"><strong>Korzy\u015bci takiego rozwi\u0105zania:<\/strong><\/h3>\n\n\n\n<ul class=\"wp-block-list\">\n<li>Osoba na miejscu lepiej pozna specyfik\u0119 firmy, produkty i zesp\u00f3\u0142, co prze\u0142o\u017cy si\u0119 na bardziej autentyczne i anga\u017cuj\u0105ce tre\u015bci<a href=\"https:\/\/www.sendible.com\/insights\/which-social-media-services-to-offer\" target=\"_blank\" rel=\"noreferrer noopener\"><\/a>.<\/li>\n<\/ul>\n\n\n\n<ul class=\"wp-block-list\">\n<li>Mo\u017cliwo\u015b\u0107 szybkiego reagowania na bie\u017c\u0105ce wydarzenia w firmie i tworzenia materia\u0142\u00f3w \u201etu i teraz\u201d, np. zdj\u0119\u0107, kr\u00f3tkich wideo, relacji zza kulis, materia\u0142\u00f3w z wdro\u017ce\u0144 nowych produkt\u00f3w czy event\u00f3w<a href=\"https:\/\/www.sendible.com\/insights\/which-social-media-services-to-offer\" target=\"_blank\" rel=\"noreferrer noopener\"><\/a>.<\/li>\n<\/ul>\n\n\n\n<ul class=\"wp-block-list\">\n<li>Taki model pracy pozwala na budowanie \u201ebanku tre\u015bci\u201d (content vault), z kt\u00f3rego mo\u017cna korzysta\u0107 przez ca\u0142y miesi\u0105c, planuj\u0105c i publikuj\u0105c posty zgodnie ze strategi\u0105 marki<a href=\"https:\/\/blog.hootsuite.com\/social-media-content-creation\/\" target=\"_blank\" rel=\"noreferrer noopener\"><\/a>.<\/li>\n<\/ul>\n\n\n\n<ul class=\"wp-block-list\">\n<li>Regularna obecno\u015b\u0107 sprzyja lepszej wsp\u00f3\u0142pracy i wymianie pomys\u0142\u00f3w oraz umo\u017cliwia szybkie wdra\u017canie nowych rozwi\u0105za\u0144 czy korekt w strategii contentowej<a href=\"https:\/\/www.sendible.com\/insights\/which-social-media-services-to-offer\" target=\"_blank\" rel=\"noreferrer noopener\"><\/a>.<\/li>\n<\/ul>\n<\/div>\n\n\n\n<div class=\"wp-block-column is-layout-flow wp-container-core-column-is-layout-e3d1c41b wp-block-column-is-layout-flow\">\n<h3 class=\"wp-block-heading has-text-align-center is-style-asterisk has-body-font-family has-medium-font-size\" style=\"font-style:normal;font-weight:600\"><strong>Zakres obowi\u0105zk\u00f3w takiej osoby mo\u017ce obejmowa\u0107:<\/strong><\/h3>\n\n\n\n<ul class=\"wp-block-list\">\n<li>Przygotowanie i realizacj\u0119 sesji zdj\u0119ciowych oraz kr\u00f3tkich nagra\u0144 wideo na potrzeby social media i kampanii reklamowych<a href=\"https:\/\/blog.hootsuite.com\/social-media-content-creation\/\" target=\"_blank\" rel=\"noreferrer noopener\"><\/a><a href=\"https:\/\/www.sendible.com\/insights\/which-social-media-services-to-offer\" target=\"_blank\" rel=\"noreferrer noopener\"><\/a>.<\/li>\n<\/ul>\n\n\n\n<ul class=\"wp-block-list\">\n<li>Zbieranie materia\u0142\u00f3w do post\u00f3w o nowych produktach, wydarzeniach firmowych, kulisach dzia\u0142alno\u015bci itp.<a href=\"https:\/\/www.sendible.com\/insights\/which-social-media-services-to-offer\" target=\"_blank\" rel=\"noreferrer noopener\"><\/a>.<\/li>\n<\/ul>\n\n\n\n<ul class=\"wp-block-list\">\n<li>Wsp\u00f3\u0142prac\u0119 z zespo\u0142em marketingu przy planowaniu i wdra\u017caniu nowych kampanii czy akcji promocyjnych<a href=\"https:\/\/www.socialchamp.com\/blog\/product-launch-on-social-media\/\" target=\"_blank\" rel=\"noreferrer noopener\"><\/a>.<\/li>\n<\/ul>\n\n\n\n<ul class=\"wp-block-list\">\n<li>Monta\u017c i edycj\u0119 materia\u0142\u00f3w, przygotowanie gotowych post\u00f3w oraz harmonogramu publikacji<a href=\"https:\/\/blog.hootsuite.com\/social-media-content-creation\/\" target=\"_blank\" rel=\"noreferrer noopener\"><\/a>.<\/li>\n<\/ul>\n<\/div>\n\n\n\n<div class=\"wp-block-column is-layout-flow wp-container-core-column-is-layout-e3d1c41b wp-block-column-is-layout-flow\">\n<h3 class=\"wp-block-heading has-text-align-center is-style-asterisk has-body-font-family has-medium-font-size\" style=\"font-style:normal;font-weight:600\"><strong>Wskaz\u00f3wki organizacyjne:<\/strong><\/h3>\n\n\n\n<ul class=\"wp-block-list\">\n<li>Ustal sta\u0142y harmonogram wizyt (np. 1\u20132 razy w miesi\u0105cu) i zakres materia\u0142\u00f3w do zebrania podczas ka\u017cdej wizyty.<\/li>\n<\/ul>\n\n\n\n<ul class=\"wp-block-list\">\n<li>Warto przygotowa\u0107 list\u0119 temat\u00f3w oraz wydarze\u0144, kt\u00f3re wymagaj\u0105 dokumentacji w danym miesi\u0105cu.<\/li>\n<\/ul>\n\n\n\n<ul class=\"wp-block-list\">\n<li>Materia\u0142y zebrane podczas wizyty mog\u0105 by\u0107 p\u00f3\u017aniej obrabiane i publikowane zgodnie z ustalonym planem komunikacji<a href=\"https:\/\/blog.hootsuite.com\/social-media-content-creation\/\" target=\"_blank\" rel=\"noreferrer noopener\"><\/a><a href=\"https:\/\/www.helloroketto.com\/articles\/hiring-social-media-manager\" target=\"_blank\" rel=\"noreferrer noopener\"><\/a>.<\/li>\n<\/ul>\n<\/div>\n<\/div>\n\n\n\n<figure class=\"wp-block-image alignwide size-full is-style-rounded is-style-rounded--2\"><img loading=\"lazy\" decoding=\"async\" width=\"2560\" height=\"1440\" src=\"https:\/\/pakiety.sebastianrurarz.com\/wp-content\/uploads\/2025\/05\/OW.jpg\" alt=\"\" class=\"wp-image-1110\" srcset=\"https:\/\/pakiety.sebastianrurarz.com\/wp-content\/uploads\/2025\/05\/OW.jpg 2560w, https:\/\/pakiety.sebastianrurarz.com\/wp-content\/uploads\/2025\/05\/OW-300x169.jpg 300w, https:\/\/pakiety.sebastianrurarz.com\/wp-content\/uploads\/2025\/05\/OW-768x432.jpg 768w, https:\/\/pakiety.sebastianrurarz.com\/wp-content\/uploads\/2025\/05\/OW-1536x864.jpg 1536w, https:\/\/pakiety.sebastianrurarz.com\/wp-content\/uploads\/2025\/05\/OW-2048x1152.jpg 2048w\" sizes=\"auto, (max-width: 2560px) 100vw, 2560px\" \/><\/figure>\n\n\n\n<div class=\"wp-block-group alignfull has-base-background-color has-background has-global-padding is-layout-constrained wp-container-core-group-is-layout-301020a0 wp-block-group-is-layout-constrained\" style=\"padding-top:var(--wp--preset--spacing--50);padding-right:var(--wp--preset--spacing--50);padding-bottom:var(--wp--preset--spacing--50);padding-left:var(--wp--preset--spacing--50)\">\n<div class=\"wp-block-columns alignwide is-layout-flex wp-container-core-columns-is-layout-08c01c1c wp-block-columns-is-layout-flex\">\n<div class=\"wp-block-column is-layout-flow wp-block-column-is-layout-flow\" style=\"flex-basis:33%\">\n<p class=\"has-heading-font-family has-large-font-size\" style=\"line-height:1.2\">Opiekun Wizerunku<\/p>\n<\/div>\n\n\n\n<div class=\"wp-block-column is-layout-flow wp-container-core-column-is-layout-119bc444 wp-block-column-is-layout-flow\">\n<div class=\"wp-block-group is-nowrap is-layout-flex wp-container-core-group-is-layout-877c468d wp-block-group-is-layout-flex\">\n<div class=\"wp-block-group is-vertical is-content-justification-left is-nowrap is-layout-flex wp-container-core-group-is-layout-970da055 wp-block-group-is-layout-flex\">\n<p style=\"font-style:normal;font-weight:500\">Posiadam\u00a0wieloletnie do\u015bwiadczenie agencyjne oraz\u00a0<strong>histori\u0119 wsp\u00f3\u0142pracy<\/strong>\u00a0z markami, co pozwoli\u0142o mi zdoby\u0107 szerok\u0105 wiedz\u0119 i praktyk\u0119 w obszarze projektowania graficznego, tworzenia wideo oraz prowadzenia marek i produkt\u00f3w. <strong>Jako pasjonat tych dziedzin<\/strong>, oferuj\u0119 indywidualne podej\u015bcie jako <strong>Opiekun Wizerunku ( Brand Image Manager)<\/strong>, kt\u00f3re wyr\u00f3\u017cnia si\u0119 elastyczno\u015bci\u0105 i zaanga\u017cowaniem.<\/p>\n\n\n\n<p style=\"font-style:normal;font-weight:500\">W przeciwie\u0144stwie do standardowej wsp\u00f3\u0142pracy z agencj\u0105, moja us\u0142uga pozwala na <strong>obni\u017cenie koszt\u00f3w<\/strong> oraz budowanie bardziej bezpo\u015brednich i emocjonalnych relacji z klientem. Dzi\u0119ki temu mog\u0119 lepiej zrozumie\u0107 potrzeby marki i dostosowa\u0107 dzia\u0142ania tak, aby skutecznie wspiera\u0107 jej rozw\u00f3j i wizerunek, zapewniaj\u0105c jednocze\u015bnie efektywno\u015b\u0107 i sp\u00f3jno\u015b\u0107 komunikacji.<\/p>\n<\/div>\n<\/div>\n<\/div>\n<\/div>\n<\/div>\n<\/div>\n\n\n\n<div class=\"wp-block-group alignfull has-base-color has-contrast-background-color has-text-color has-background has-global-padding is-layout-constrained wp-container-core-group-is-layout-ef3d885c wp-block-group-is-layout-constrained\" style=\"margin-top:0;margin-bottom:0;padding-top:var(--wp--preset--spacing--60);padding-right:var(--wp--preset--spacing--60);padding-bottom:var(--wp--preset--spacing--60);padding-left:var(--wp--preset--spacing--60)\">\n<div class=\"wp-block-group has-global-padding is-layout-constrained wp-block-group-is-layout-constrained\">\n<p class=\"has-text-align-center has-base-color has-text-color has-heading-font-family has-x-large-font-size\" style=\"line-height:1.2\"><br>\t\t\t<em>\u201cProwadzenie biznesu bez reklamy jest jak puszczanie oka do dziewczyny po ciemku. <\/em><em>Nikt poza nami nie wie, co robimy\u201d<\/em><br>\t\t<\/p>\n\n\n\n<div style=\"height:var(--wp--preset--spacing--10)\" aria-hidden=\"true\" class=\"wp-block-spacer\"><\/div>\n\n\n\n<div class=\"wp-block-group is-vertical is-content-justification-center is-nowrap is-layout-flex wp-container-core-group-is-layout-2dc08cea wp-block-group-is-layout-flex\">\n<p class=\"has-text-align-center\" style=\"margin-top:var(--wp--preset--spacing--10);margin-bottom:0\">Henderson Stuart<\/p>\n<\/div>\n<\/div>\n<\/div>\n\n\n\n<div class=\"wp-block-group alignfull has-base-2-background-color has-background has-global-padding is-layout-constrained wp-container-core-group-is-layout-7cd14b77 wp-block-group-is-layout-constrained\" style=\"margin-top:0;margin-bottom:0;padding-top:var(--wp--preset--spacing--60);padding-right:var(--wp--preset--spacing--60);padding-bottom:var(--wp--preset--spacing--60);padding-left:var(--wp--preset--spacing--60)\">\n<div class=\"wp-block-group alignwide is-layout-flow wp-block-group-is-layout-flow\">\n<p class=\"has-text-align-center has-heading-font-family has-x-large-font-size\" style=\"font-style:normal;font-weight:400;line-height:1.2\">Masz pytania lub potrzebujesz pomocy? Skontaktuj si\u0119 ze mn\u0105, aby om\u00f3wi\u0107 wsp\u00f3\u0142prac\u0119 lub otrzyma\u0107 <strong>bezp\u0142atn\u0105 wycen\u0119!<\/strong><\/p>\n<\/div>\n<\/div>\n\n\n\n<div class=\"wp-block-group alignfull has-text-color has-background is-layout-flow wp-block-group-is-layout-flow\" style=\"color:#000000;background-color:#ffffff\">\n<div style=\"height:64px\" aria-hidden=\"true\" class=\"wp-block-spacer\"><\/div>\n\n\n\n<p class=\"has-text-align-center has-small-font-size\" style=\"line-height:.9\"><strong>Skontaktuj si\u0119<\/strong><\/p>\n\n\n\n<h2 class=\"wp-block-heading has-text-align-center\" id=\"schedule-a-visit\" style=\"font-size:clamp(32.969px, 2.061rem + ((1vw - 3.2px) * 2.712), 59px);px;line-height:1.15\"><strong>Masz pytania?<\/strong> Dzwo\u0144 lub pisz!<\/h2>\n\n\n\n<h2 class=\"wp-block-heading has-text-align-center\"><strong>+48 606 188 118<\/strong><\/h2>\n\n\n\n<h4 class=\"wp-block-heading has-text-align-center\"><br><a href=\"mailto:pakiety@sebastianrurarz.com\">pakiety@sebastianrurarz.com<\/a><\/h4>\n\n\n\n<div style=\"height:64px\" aria-hidden=\"true\" class=\"wp-block-spacer\"><\/div>\n<\/div>\n\n\n\n<p><\/p>\n","protected":false},"excerpt":{"rendered":"<p>Opiekun wizerunku to dedykowana us\u0142uga, kt\u00f3ra \u0142\u0105czy kreatywno\u015b\u0107 z profesjonalizmem, dostarczaj\u0105c regularne, autentyczne materia\u0142y niezb\u0119dne do budowania silnej i rozpoznawalnej marki. Korzy\u015bci takiego rozwi\u0105zania: Zakres obowi\u0105zk\u00f3w takiej osoby mo\u017ce obejmowa\u0107: Wskaz\u00f3wki organizacyjne: Opiekun Wizerunku Posiadam\u00a0wieloletnie do\u015bwiadczenie agencyjne oraz\u00a0histori\u0119 wsp\u00f3\u0142pracy\u00a0z markami, co pozwoli\u0142o mi zdoby\u0107 szerok\u0105 wiedz\u0119 i praktyk\u0119 w obszarze projektowania graficznego, tworzenia wideo oraz [&hellip;]<\/p>\n","protected":false},"author":1,"featured_media":0,"parent":0,"menu_order":7,"comment_status":"closed","ping_status":"closed","template":"","meta":{"footnotes":""},"class_list":["post-926","page","type-page","status-publish","hentry"],"_links":{"self":[{"href":"https:\/\/pakiety.sebastianrurarz.com\/index.php\/wp-json\/wp\/v2\/pages\/926","targetHints":{"allow":["GET"]}}],"collection":[{"href":"https:\/\/pakiety.sebastianrurarz.com\/index.php\/wp-json\/wp\/v2\/pages"}],"about":[{"href":"https:\/\/pakiety.sebastianrurarz.com\/index.php\/wp-json\/wp\/v2\/types\/page"}],"author":[{"embeddable":true,"href":"https:\/\/pakiety.sebastianrurarz.com\/index.php\/wp-json\/wp\/v2\/users\/1"}],"replies":[{"embeddable":true,"href":"https:\/\/pakiety.sebastianrurarz.com\/index.php\/wp-json\/wp\/v2\/comments?post=926"}],"version-history":[{"count":53,"href":"https:\/\/pakiety.sebastianrurarz.com\/index.php\/wp-json\/wp\/v2\/pages\/926\/revisions"}],"predecessor-version":[{"id":1299,"href":"https:\/\/pakiety.sebastianrurarz.com\/index.php\/wp-json\/wp\/v2\/pages\/926\/revisions\/1299"}],"wp:attachment":[{"href":"https:\/\/pakiety.sebastianrurarz.com\/index.php\/wp-json\/wp\/v2\/media?parent=926"}],"curies":[{"name":"wp","href":"https:\/\/api.w.org\/{rel}","templated":true}]}}